{"id":490,"date":"2020-03-12T11:36:55","date_gmt":"2020-03-12T11:36:55","guid":{"rendered":"https:\/\/abejadorada.com\/?page_id=490"},"modified":"2024-01-18T13:33:32","modified_gmt":"2024-01-18T12:33:32","slug":"actualidad-eventos-apicola-miel","status":"publish","type":"page","link":"https:\/\/abejadorada.com\/?page_id=490","title":{"rendered":"Actualidad"},"content":{"rendered":"<p>[et_pb_section fb_built=\u00bb1&#8243; custom_padding_last_edited=\u00bbon|phone\u00bb _builder_version=\u00bb4.23.4&#8243; use_background_color_gradient=\u00bbon\u00bb background_color_gradient_stops=\u00bbrgba(0,0,0,0.25) 0%|rgba(0,0,0,0.5) 100%\u00bb background_color_gradient_overlays_image=\u00bbon\u00bb background_color_gradient_start=\u00bbrgba(0,0,0,0.25)\u00bb background_color_gradient_end=\u00bbrgba(0,0,0,0.5)\u00bb background_image=\u00bbhttps:\/\/abejadorada.com\/wp-content\/uploads\/2020\/03\/IP-Actualidad-Abeja-Dorada-Miel-Produccion-Espa\u00f1a.jpg\u00bb custom_margin=\u00bb|||\u00bb custom_padding=\u00bb10%||20%||false|false\u00bb custom_padding_tablet=\u00bb15%||25%||false|false\u00bb custom_padding_phone=\u00bb20%||10%||false|false\u00bb background_last_edited=\u00bboff|desktop\u00bb background_position_phone=\u00bbbottom_center\u00bb global_colors_info=\u00bb{}\u00bb][et_pb_row _builder_version=\u00bb4.16&#8243; background_size=\u00bbinitial\u00bb background_position=\u00bbtop_left\u00bb background_repeat=\u00bbrepeat\u00bb animation_style=\u00bbfade\u00bb animation_duration=\u00bb1500ms\u00bb global_colors_info=\u00bb{}\u00bb][et_pb_column type=\u00bb4_4&#8243; _builder_version=\u00bb4.16&#8243; custom_padding=\u00bb|||\u00bb global_colors_info=\u00bb{}\u00bb custom_padding__hover=\u00bb|||\u00bb][et_pb_text disabled_on=\u00bboff|off|off\u00bb _builder_version=\u00bb4.23.4&#8243; text_font=\u00bb||||||||\u00bb header_font=\u00bb||||||||\u00bb header_text_color=\u00bbrgba(255,255,255,0.9)\u00bb header_font_size=\u00bb26px\u00bb header_line_height=\u00bb1.1em\u00bb header_2_font=\u00bb||||||||\u00bb header_2_text_color=\u00bb#ffffff\u00bb header_2_font_size=\u00bb80px\u00bb header_2_line_height=\u00bb1.1em\u00bb animation_direction=\u00bbleft\u00bb header_text_align_tablet=\u00bb\u00bb header_text_align_phone=\u00bbcenter\u00bb header_text_align_last_edited=\u00bbon|phone\u00bb header_font_size_tablet=\u00bb22px\u00bb header_font_size_phone=\u00bb20px\u00bb header_font_size_last_edited=\u00bbon|desktop\u00bb header_2_text_align_tablet=\u00bb\u00bb header_2_text_align_phone=\u00bbcenter\u00bb header_2_text_align_last_edited=\u00bbon|phone\u00bb header_2_font_size_tablet=\u00bb50px\u00bb header_2_font_size_phone=\u00bb45px\u00bb header_2_font_size_last_edited=\u00bbon|desktop\u00bb header_text_shadow_style=\u00bbpreset3&#8243; header_2_text_shadow_style=\u00bbpreset3&#8243; text_text_align=\u00bbcenter\u00bb global_colors_info=\u00bb{}\u00bb]<\/p>\n<h1>Actualidad &amp; Prensa<\/h1>\n<h2>LA ABEJA DORADA<\/h2>\n<p>[\/et_pb_text][et_pb_button button_url=\u00bb#ver-mas\u00bb button_text=\u00bbVer m\u00e1s\u00bb button_alignment=\u00bbleft\u00bb disabled_on=\u00bbon|off|off\u00bb _builder_version=\u00bb4.23.4&#8243; custom_button=\u00bbon\u00bb button_text_size=\u00bb13px\u00bb button_bg_color=\u00bb#ebad14&#8243; button_border_width=\u00bb12px\u00bb button_border_color=\u00bbrgba(0,0,0,0)\u00bb button_border_radius=\u00bb0px\u00bb button_letter_spacing=\u00bb2px\u00bb button_font=\u00bb|700||on|||||\u00bb button_icon=\u00bb&#x3b;||divi||400&#8243; background_layout=\u00bbdark\u00bb custom_margin=\u00bb|||\u00bb animation_direction=\u00bbtop\u00bb global_colors_info=\u00bb{}\u00bb button_text_size__hover_enabled=\u00bboff\u00bb button_one_text_size__hover_enabled=\u00bboff\u00bb button_two_text_size__hover_enabled=\u00bboff\u00bb button_text_color__hover_enabled=\u00bboff\u00bb button_one_text_color__hover_enabled=\u00bboff\u00bb button_two_text_color__hover_enabled=\u00bboff\u00bb button_border_width__hover_enabled=\u00bboff\u00bb button_one_border_width__hover_enabled=\u00bboff\u00bb button_two_border_width__hover_enabled=\u00bboff\u00bb button_border_color__hover_enabled=\u00bboff\u00bb button_one_border_color__hover_enabled=\u00bboff\u00bb button_two_border_color__hover_enabled=\u00bboff\u00bb button_border_radius__hover_enabled=\u00bboff\u00bb button_one_border_radius__hover_enabled=\u00bboff\u00bb button_two_border_radius__hover_enabled=\u00bboff\u00bb button_letter_spacing__hover_enabled=\u00bboff\u00bb button_one_letter_spacing__hover_enabled=\u00bboff\u00bb button_two_letter_spacing__hover_enabled=\u00bboff\u00bb button_one_bg_color__hover_enabled=\u00bboff\u00bb button_two_bg_color__hover_enabled=\u00bboff\u00bb button_bg_color__hover=\u00bb#264a48&#8243; button_bg_enable_color__hover=\u00bbon\u00bb][\/et_pb_button][\/et_pb_column][\/et_pb_row][\/et_pb_section][et_pb_section fb_built=\u00bb1&#8243; module_id=\u00bbver-mas\u00bb _builder_version=\u00bb4.23.4&#8243; custom_padding=\u00bb75px||75px||true|false\u00bb global_colors_info=\u00bb{}\u00bb][et_pb_row _builder_version=\u00bb4.16&#8243; global_colors_info=\u00bb{}\u00bb][et_pb_column type=\u00bb4_4&#8243; _builder_version=\u00bb4.16&#8243; custom_padding=\u00bb|||\u00bb global_colors_info=\u00bb{}\u00bb custom_padding__hover=\u00bb|||\u00bb][et_pb_image src=\u00bbhttps:\/\/abejadorada.com\/wp-content\/uploads\/2020\/02\/ICO-Comprar-Miel-Directa-Apicultor-150&#215;150.png\u00bb align=\u00bbcenter\u00bb _builder_version=\u00bb4.23.4&#8243; animation_style=\u00bbslide\u00bb animation_direction=\u00bbbottom\u00bb global_colors_info=\u00bb{}\u00bb][\/et_pb_image][et_pb_text _builder_version=\u00bb4.23.4&#8243; text_font=\u00bb|600|||||||\u00bb header_font=\u00bb||||||||\u00bb header_2_font=\u00bb||||||||\u00bb header_2_font_size=\u00bb44px\u00bb header_2_line_height=\u00bb1.1em\u00bb text_orientation=\u00bbcenter\u00bb animation_style=\u00bbslide\u00bb animation_direction=\u00bbtop\u00bb animation_duration=\u00bb1400ms\u00bb animation_intensity_slide=\u00bb6%\u00bb header_2_font_size_tablet=\u00bb40px\u00bb header_2_font_size_phone=\u00bb\u00bb header_2_font_size_last_edited=\u00bbon|phone\u00bb header_2_text_shadow_style=\u00bbpreset3&#8243; header_2_text_shadow_color=\u00bb#ffffff\u00bb text_text_align=\u00bbcenter\u00bb global_colors_info=\u00bb{}\u00bb]<\/p>\n<h2><strong>La Abeja Dorada<\/strong>\u00a0Al D\u00eda<\/h2>\n<p>No te pierdas ni un evento o feria a la que asistimos.<\/p>\n<p>[\/et_pb_text][\/et_pb_column][\/et_pb_row][et_pb_row column_structure=\u00bb3_5,2_5&#8243; _builder_version=\u00bb4.23.4&#8243; custom_padding=\u00bb4%||4%||true|false\u00bb border_width_bottom=\u00bb1px\u00bb border_color_bottom=\u00bb#e5e5e5&#8243; global_colors_info=\u00bb{}\u00bb][et_pb_column type=\u00bb3_5&#8243; _builder_version=\u00bb4.16&#8243; background_color=\u00bb#f2f2f2&#8243; custom_padding=\u00bb2%|2%|2%|2%|true|true\u00bb box_shadow_style=\u00bbpreset3&#8243; global_colors_info=\u00bb{}\u00bb custom_padding__hover=\u00bb|||\u00bb][et_pb_text _builder_version=\u00bb4.23.4&#8243; text_font=\u00bb|600|||||||\u00bb header_font=\u00bb||||||||\u00bb header_2_font=\u00bb||||||||\u00bb header_2_font_size=\u00bb44px\u00bb header_2_line_height=\u00bb1.1em\u00bb animation_style=\u00bbslide\u00bb animation_direction=\u00bbtop\u00bb animation_duration=\u00bb1400ms\u00bb animation_intensity_slide=\u00bb6%\u00bb header_2_font_size_tablet=\u00bb40px\u00bb header_2_font_size_phone=\u00bb\u00bb header_2_font_size_last_edited=\u00bbon|phone\u00bb header_2_text_shadow_style=\u00bbpreset3&#8243; header_2_text_shadow_color=\u00bb#ffffff\u00bb text_text_align=\u00bbcenter\u00bb global_colors_info=\u00bb{}\u00bb]<\/p>\n<h3><b>La Miel de Monta\u00f1a Ecol\u00f3gica de La Abeja Dorada, Galardonada como una de las Mejores del Mundo en los Great Taste 2023<\/b><\/h3>\n<h3><span style=\"color: #ebad14;\">\u25ac Agosto 2023<\/span><\/h3>\n<p>Un a\u00f1o m\u00e1s, los afamados <strong><a href=\"https:\/\/gff.co.uk\/awards\/great-taste-awards\/\" target=\"_blank\" rel=\"noopener\">premios GREAT TASTE 2023<\/a> <\/strong>-conocidos en el sector como los <em>\u00d3scar<\/em> de la alimentaci\u00f3n- que se celebran en Londres (UK) <strong>han premiado nuestra <a href=\"https:\/\/madridmiel.com\/producto\/comprar-online-miel-ecologica-montana\/\" target=\"_blank\" rel=\"noopener\">miel ecol\u00f3gica de monta\u00f1a<\/a><\/strong> como una de las <strong>mejores del mundo<\/strong>, otorgando &#x2b50;&#x2b50; y <strong>reconoci\u00e9ndola dentro de las mieles espa\u00f1olas de aut\u00e9ntica calidad<\/strong> superior. Adem\u00e1s de este producto de nuestra linea BIO de La Abeja Dorada, han galardonado la miel de bosque natural de nuestra marca Madrid Miel.<\/p>\n<p>Este a\u00f1o <strong>estamos contentos, orgullosos y nos sentimos afortunados<\/strong> de superar los premios cosechados en a\u00f1os anteriores. <strong>Es un placer llevar el nombre de Madrid y Espa\u00f1a fuera de nuestras fronteras<\/strong> y se reconozca la gran labor ap\u00edcola de nuestro pa\u00eds.<\/p>\n<p>[\/et_pb_text][\/et_pb_column][et_pb_column type=\u00bb2_5&#8243; _builder_version=\u00bb4.16&#8243; custom_padding=\u00bb|||\u00bb global_colors_info=\u00bb{}\u00bb custom_padding__hover=\u00bb|||\u00bb][et_pb_image src=\u00bbhttps:\/\/abejadorada.com\/wp-content\/uploads\/2023\/08\/I-Actualidad-Mejor-Miel-Montana-Great-Taste-2023.jpg\u00bb align=\u00bbcenter\u00bb _builder_version=\u00bb4.23.4&#8243; box_shadow_style=\u00bbpreset3&#8243; global_colors_info=\u00bb{}\u00bb][\/et_pb_image][\/et_pb_column][\/et_pb_row][et_pb_row column_structure=\u00bb3_5,2_5&#8243; _builder_version=\u00bb4.23.4&#8243; custom_padding=\u00bb4%||4%||true|false\u00bb border_width_bottom=\u00bb1px\u00bb border_color_bottom=\u00bb#e5e5e5&#8243; global_colors_info=\u00bb{}\u00bb][et_pb_column type=\u00bb3_5&#8243; _builder_version=\u00bb4.16&#8243; background_color=\u00bb#f2f2f2&#8243; custom_padding=\u00bb2%|2%|2%|2%|true|true\u00bb box_shadow_style=\u00bbpreset3&#8243; global_colors_info=\u00bb{}\u00bb custom_padding__hover=\u00bb|||\u00bb][et_pb_text _builder_version=\u00bb4.23.4&#8243; text_font=\u00bb|600|||||||\u00bb header_font=\u00bb||||||||\u00bb header_2_font=\u00bb||||||||\u00bb header_2_font_size=\u00bb44px\u00bb header_2_line_height=\u00bb1.1em\u00bb animation_style=\u00bbslide\u00bb animation_direction=\u00bbtop\u00bb animation_duration=\u00bb1400ms\u00bb animation_intensity_slide=\u00bb6%\u00bb header_2_font_size_tablet=\u00bb40px\u00bb header_2_font_size_phone=\u00bb\u00bb header_2_font_size_last_edited=\u00bbon|phone\u00bb header_2_text_shadow_style=\u00bbpreset3&#8243; header_2_text_shadow_color=\u00bb#ffffff\u00bb text_text_align=\u00bbcenter\u00bb global_colors_info=\u00bb{}\u00bb]<\/p>\n<h3><b>Nuestras Mieles se \u00abCocinan\u00bb en Madrid Fusi\u00f3n 2023<\/b><\/h3>\n<h3><span style=\"color: #ebad14;\">\u25ac Febrero 2023<\/span><\/h3>\n<p>La reciente edici\u00f3n del congreso de gastronom\u00eda m\u00e1s influyente a nivel nacional, <strong>Madrid Fusi\u00f3n<\/strong>, ha consolidado a la <strong>miel de La Abeja Dorada<\/strong> como uno de los <strong>productos ecol\u00f3gicos<\/strong> con mayor penetraci\u00f3n en las cocinas y fogones de grandes chefs de nuestro pa\u00eds.<\/p>\n<p>Ese es el caso del <em>EcoChef<\/em> <strong>Miguel \u00c1ngel Mateos<\/strong> -chef ejecutivo del <a href=\"https:\/\/inclanbrutalbar.com\/\" target=\"_blank\" rel=\"noopener\">restaurante INCLAN BRUTAL<\/a> de Madrid- qui\u00e9n elabor\u00f3 con solos dos ingredientes (chocolate especial con polen <a href=\"https:\/\/www.maykhel.es\/\" target=\"_blank\" rel=\"noopener\"><span class=\"x193iq5w xeuugli x13faqbe x1vvkbs x1xmvt09 x1lliihq x1s928wv xhkezso x1gmr53x x1cpjm7i x1fgarty x1943h6x xudqn12 x3x7a5m x6prxxf xvq8zen xo1l8bm xzsf02u x1yc453h\" dir=\"auto\">MAYKHEL<\/span><\/a> y miel de <a href=\"https:\/\/abejadorada.com\/#nuestras-mieles\"><strong>La Abeja Dorada<\/strong><\/a>) un desayuno en forma de tapa llamado \u00ab<strong>MELICAO CHULAPO<\/strong>\u00ab. Sin duda una opci\u00f3n diferente para desayunar en la que destacan las virtudes del <strong>cacao, miel y polen juntos<\/strong> como desayuno saludable.<\/p>\n<p>[\/et_pb_text][\/et_pb_column][et_pb_column type=\u00bb2_5&#8243; _builder_version=\u00bb4.16&#8243; custom_padding=\u00bb|||\u00bb global_colors_info=\u00bb{}\u00bb custom_padding__hover=\u00bb|||\u00bb][et_pb_image src=\u00bbhttps:\/\/abejadorada.com\/wp-content\/uploads\/2023\/02\/I-Actualidad-Madrid-Fusion-Cocina-con-Miel.jpg\u00bb align=\u00bbcenter\u00bb _builder_version=\u00bb4.23.4&#8243; box_shadow_style=\u00bbpreset3&#8243; global_colors_info=\u00bb{}\u00bb][\/et_pb_image][\/et_pb_column][\/et_pb_row][et_pb_row column_structure=\u00bb3_5,2_5&#8243; _builder_version=\u00bb4.23.4&#8243; custom_padding=\u00bb4%||4%||true|false\u00bb border_width_bottom=\u00bb1px\u00bb border_color_bottom=\u00bb#e5e5e5&#8243; global_colors_info=\u00bb{}\u00bb][et_pb_column type=\u00bb3_5&#8243; _builder_version=\u00bb4.16&#8243; background_color=\u00bb#f2f2f2&#8243; custom_padding=\u00bb2%|2%|2%|2%|true|true\u00bb box_shadow_style=\u00bbpreset3&#8243; global_colors_info=\u00bb{}\u00bb custom_padding__hover=\u00bb|||\u00bb][et_pb_text _builder_version=\u00bb4.23.4&#8243; text_font=\u00bb|600|||||||\u00bb header_font=\u00bb||||||||\u00bb header_2_font=\u00bb||||||||\u00bb header_2_font_size=\u00bb44px\u00bb header_2_line_height=\u00bb1.1em\u00bb animation_style=\u00bbslide\u00bb animation_direction=\u00bbtop\u00bb animation_duration=\u00bb1400ms\u00bb animation_intensity_slide=\u00bb6%\u00bb header_2_font_size_tablet=\u00bb40px\u00bb header_2_font_size_phone=\u00bb\u00bb header_2_font_size_last_edited=\u00bbon|phone\u00bb header_2_text_shadow_style=\u00bbpreset3&#8243; header_2_text_shadow_color=\u00bb#ffffff\u00bb text_text_align=\u00bbcenter\u00bb global_colors_info=\u00bb{}\u00bb]<\/p>\n<h3><b>Nominados en los Premios \u00abMadrid Alimenta 2022\u00bb<\/b><\/h3>\n<h3><span style=\"color: #ebad14;\">\u25ac Enero 2023<\/span><\/h3>\n<p>El pasado jueves 19 de enero, <strong>el equipo de La Abeja Dorada<\/strong> y Madrid Miel asistimos a la <strong>segunda edici\u00f3n de los <a href=\"https:\/\/revistaalimentaria.es\/premiosmadridalimenta\/\" target=\"_blank\" rel=\"noopener\">Premios Alimenta Madrid<\/a><\/strong> organizados por la <a href=\"https:\/\/www.facebook.com\/RevistaAlimentaria\" target=\"_blank\" rel=\"noopener\">Revista Alimentaria <\/a>que se celebraron en la Real Casa de Correos, <strong>sede de la Comunidad de Madrid<\/strong>.<\/p>\n<p>El motivo de nuestra presencia en estos galardones, es que <strong>hemos sido nominados como una de las empresas con mayor compromiso con la sostenibilidad<\/strong> en el sector alimentario de nuestra comunidad. Como empresa artesana y de varias generaciones, <strong>para nosotros llegar tan lejos es ya un motivo de satisfacci\u00f3n<\/strong> que nos motiva a <strong>seguir trabajando<\/strong> con mayor entusiasmo si cabe.<\/p>\n<p>Finalmente, el premiado en nuestra categor\u00eda fue para <a href=\"https:\/\/vacanegra.es\/\" target=\"_blank\" rel=\"noopener\">Ganader\u00eda Ecol\u00f3gica Vacanegra<\/a>, a quienes felicitamos por su gran trayectoria y por su labor de cuidado al producto que comercializan.<\/p>\n<p>[\/et_pb_text][\/et_pb_column][et_pb_column type=\u00bb2_5&#8243; _builder_version=\u00bb4.16&#8243; custom_padding=\u00bb|||\u00bb global_colors_info=\u00bb{}\u00bb custom_padding__hover=\u00bb|||\u00bb][et_pb_image src=\u00bbhttps:\/\/abejadorada.com\/wp-content\/uploads\/2023\/01\/I-Actualidad-PREMIOS-MADRID-ALIMENTA-2022.jpg\u00bb align=\u00bbcenter\u00bb _builder_version=\u00bb4.23.4&#8243; box_shadow_style=\u00bbpreset3&#8243; global_colors_info=\u00bb{}\u00bb][\/et_pb_image][\/et_pb_column][\/et_pb_row][et_pb_row column_structure=\u00bb3_5,2_5&#8243; _builder_version=\u00bb4.23.4&#8243; custom_padding=\u00bb4%||4%||true|false\u00bb border_width_bottom=\u00bb1px\u00bb border_color_bottom=\u00bb#e5e5e5&#8243; global_colors_info=\u00bb{}\u00bb][et_pb_column type=\u00bb3_5&#8243; _builder_version=\u00bb4.16&#8243; background_color=\u00bb#f2f2f2&#8243; custom_padding=\u00bb2%|2%|2%|2%|true|true\u00bb box_shadow_style=\u00bbpreset3&#8243; global_colors_info=\u00bb{}\u00bb custom_padding__hover=\u00bb|||\u00bb][et_pb_text _builder_version=\u00bb4.23.4&#8243; text_font=\u00bb|600|||||||\u00bb header_font=\u00bb||||||||\u00bb header_2_font=\u00bb||||||||\u00bb header_2_font_size=\u00bb44px\u00bb header_2_line_height=\u00bb1.1em\u00bb animation_style=\u00bbslide\u00bb animation_direction=\u00bbtop\u00bb animation_duration=\u00bb1400ms\u00bb animation_intensity_slide=\u00bb6%\u00bb header_2_font_size_tablet=\u00bb40px\u00bb header_2_font_size_phone=\u00bb\u00bb header_2_font_size_last_edited=\u00bbon|phone\u00bb header_2_text_shadow_style=\u00bbpreset3&#8243; header_2_text_shadow_color=\u00bb#ffffff\u00bb text_text_align=\u00bbcenter\u00bb global_colors_info=\u00bb{}\u00bb]<\/p>\n<h3><b>Socios Fundadores del Nuevo Consorcio de Exportaci\u00f3n<\/b><\/h3>\n<h3><span style=\"color: #ebad14;\">\u25ac Noviembre 2022<\/span><\/h3>\n<p>Este mes de noviembre se ha materializado oficialmente la <strong>puesta en marcha del consorcio de exportaci\u00f3n<\/strong> con el que daremos a <strong>conocer en todo el mundo los productos y las empresas<\/strong> madrile\u00f1as y espa\u00f1olas.<\/p>\n<p>En <strong><a href=\"https:\/\/abejadorada.com\/\" target=\"_blank\" rel=\"noopener\">La Abeja Dorada<\/a> y Madrid Miel<\/strong> hemos venido trabajando intensamente en los \u00faltimos meses con empresas como\u00a0<a href=\"https:\/\/www.maykhel.es\/\" target=\"_blank\" rel=\"noopener\">Chocolates Maykhel<\/a>, Embutidos <a href=\"https:\/\/saboressierrademadrid.com\/\" target=\"_blank\" rel=\"noopener\">Sabores Sierra de Madrid<\/a> y Aceites <a href=\"https:\/\/laaceiteradelaabuela.com\/\" target=\"_blank\" rel=\"noopener\">La Aceitera de la Abuela<\/a> para dar forma a este <strong>proyecto tan ilusionante de internacionalizar los productos que con tanto esmero nos dedicamos a crear y comercializar<\/strong>. Sin duda, <strong>con los mejores productos es m\u00e1s f\u00e1cil llegar lejos<\/strong>.<\/p>\n<p><strong>Gracias<\/strong> a todo el <strong>equipo de la VUI<\/strong> (especialmente Jacobo, David y Ana Bel\u00e9n), a la <strong>Comunidad de Madrid<\/strong> y a la <strong><a href=\"https:\/\/es-es.facebook.com\/ASEACAM2\" target=\"_blank\" rel=\"noopener\">Asociaci\u00f3n Industrias Alimentarias de Madrid &#8211; Aseacam<\/a><\/strong> porque su esfuerzo, conocimiento y empuje nos ha guiado desde el primer d\u00eda para culminar con \u00e9xito este nuevo proyecto en el que nos embarcamos.<\/p>\n<p>[\/et_pb_text][\/et_pb_column][et_pb_column type=\u00bb2_5&#8243; _builder_version=\u00bb4.16&#8243; custom_padding=\u00bb|||\u00bb global_colors_info=\u00bb{}\u00bb custom_padding__hover=\u00bb|||\u00bb][et_pb_image src=\u00bbhttps:\/\/abejadorada.com\/wp-content\/uploads\/2022\/11\/I-Actualidad-Exportacion-Miel-Espana-al-Mundo.jpg\u00bb align=\u00bbcenter\u00bb _builder_version=\u00bb4.23.4&#8243; box_shadow_style=\u00bbpreset3&#8243; global_colors_info=\u00bb{}\u00bb][\/et_pb_image][\/et_pb_column][\/et_pb_row][et_pb_row column_structure=\u00bb3_5,2_5&#8243; _builder_version=\u00bb4.23.4&#8243; custom_padding=\u00bb4%||4%||true|false\u00bb border_width_bottom=\u00bb1px\u00bb border_color_bottom=\u00bb#e5e5e5&#8243; global_colors_info=\u00bb{}\u00bb][et_pb_column type=\u00bb3_5&#8243; _builder_version=\u00bb4.16&#8243; background_color=\u00bb#f2f2f2&#8243; custom_padding=\u00bb2%|2%|2%|2%|true|true\u00bb box_shadow_style=\u00bbpreset3&#8243; global_colors_info=\u00bb{}\u00bb custom_padding__hover=\u00bb|||\u00bb][et_pb_text _builder_version=\u00bb4.23.4&#8243; text_font=\u00bb|600|||||||\u00bb header_font=\u00bb||||||||\u00bb header_2_font=\u00bb||||||||\u00bb header_2_font_size=\u00bb44px\u00bb header_2_line_height=\u00bb1.1em\u00bb animation_style=\u00bbslide\u00bb animation_direction=\u00bbtop\u00bb animation_duration=\u00bb1400ms\u00bb animation_intensity_slide=\u00bb6%\u00bb header_2_font_size_tablet=\u00bb40px\u00bb header_2_font_size_phone=\u00bb\u00bb header_2_font_size_last_edited=\u00bbon|phone\u00bb header_2_text_shadow_style=\u00bbpreset3&#8243; header_2_text_shadow_color=\u00bb#ffffff\u00bb text_text_align=\u00bbcenter\u00bb global_colors_info=\u00bb{}\u00bb]<\/p>\n<h3><b>La Abeja Dorada &amp; Madrid Miel Patrocinadores del XXVIII Certamen Gastron\u00f3mico de la Comunidad de Madrid<\/b><\/h3>\n<h3><span style=\"color: #ebad14;\">\u25ac Noviembre 2021<\/span><\/h3>\n<p>Un a\u00f1o m\u00e1s, <strong>La Abeja Dorada ha patrocinado el Certamen Gastron\u00f3mico<\/strong> de la Comunidad de Madrid, que este 2021 cumple 28\u00aa edici\u00f3n. Y en esta ocasi\u00f3n, adem\u00e1s hemos participado activamente tanto con cocineros como con organizaci\u00f3n -de la mano de <a href=\"https:\/\/www.facebook.com\/acyremadrid\/\" target=\"_blank\" rel=\"noopener noreferrer\">Acyre<\/a>&#8211; teniendo el honor de entregar uno de los premios a los ganadores.<\/p>\n<p>Felicitamos a tod@s los participantes por sus grandes propuestas culinarias y damos la enhorabuena a Marta L\u00f3pez, (de <a href=\"https:\/\/es-es.facebook.com\/pasteleriamindanaochocolat\/\" target=\"_blank\" rel=\"noopener noreferrer\">Pasteler\u00eda Mindanao<\/a>) que ha sido elegida la mejor repostera, y a Andeka Gonzalez (de <a href=\"https:\/\/www.facebook.com\/floridaparkoficial\/\" target=\"_blank\" rel=\"noopener noreferrer\">Florida Retiro<\/a>) que ha sido elegido el mejor cocinero de la Comunidad de Madrid.<\/p>\n<p>Todo un orgullo que cocineros y reposteros de tanta categor\u00eda utilicen nuestra miel en sus creaciones.<\/p>\n<p>[\/et_pb_text][\/et_pb_column][et_pb_column type=\u00bb2_5&#8243; _builder_version=\u00bb4.16&#8243; custom_padding=\u00bb|||\u00bb global_colors_info=\u00bb{}\u00bb custom_padding__hover=\u00bb|||\u00bb][et_pb_image src=\u00bbhttps:\/\/abejadorada.com\/wp-content\/uploads\/2021\/11\/I-Actualidad-Certamen-Gastronomico-Espa\u00f1a.jpg\u00bb align=\u00bbcenter\u00bb _builder_version=\u00bb4.23.4&#8243; box_shadow_style=\u00bbpreset3&#8243; global_colors_info=\u00bb{}\u00bb][\/et_pb_image][\/et_pb_column][\/et_pb_row][et_pb_row column_structure=\u00bb3_5,2_5&#8243; _builder_version=\u00bb4.23.4&#8243; custom_padding=\u00bb4%||4%||true|false\u00bb border_width_bottom=\u00bb1px\u00bb border_color_bottom=\u00bb#e5e5e5&#8243; global_colors_info=\u00bb{}\u00bb][et_pb_column type=\u00bb3_5&#8243; _builder_version=\u00bb4.16&#8243; background_color=\u00bb#f2f2f2&#8243; custom_padding=\u00bb2%|2%|2%|2%|true|true\u00bb box_shadow_style=\u00bbpreset3&#8243; global_colors_info=\u00bb{}\u00bb custom_padding__hover=\u00bb|||\u00bb][et_pb_text _builder_version=\u00bb4.23.4&#8243; text_font=\u00bb|600|||||||\u00bb header_font=\u00bb||||||||\u00bb header_2_font=\u00bb||||||||\u00bb header_2_font_size=\u00bb44px\u00bb header_2_line_height=\u00bb1.1em\u00bb animation_style=\u00bbslide\u00bb animation_direction=\u00bbtop\u00bb animation_duration=\u00bb1400ms\u00bb animation_intensity_slide=\u00bb6%\u00bb header_2_font_size_tablet=\u00bb40px\u00bb header_2_font_size_phone=\u00bb\u00bb header_2_font_size_last_edited=\u00bbon|phone\u00bb header_2_text_shadow_style=\u00bbpreset3&#8243; header_2_text_shadow_color=\u00bb#ffffff\u00bb text_text_align=\u00bbcenter\u00bb global_colors_info=\u00bb{}\u00bb]<\/p>\n<h3><b>La Abeja Dorada en la Principal Feria Gastron\u00f3mica de Europa; El <em>Sal\u00f3n Gourmet 2021<\/em><\/b><\/h3>\n<h3><span style=\"color: #ebad14;\">\u25ac Octubre 2021<\/span><\/h3>\n<p><strong>El equipo de La Abeja Dorada<\/strong> &amp; Madrid Miel hemos tenido la oportunidad de <strong>exponer en la 34\u00aa edici\u00f3n del Sal\u00f3n Gourmets<\/strong> celebrado en Madrid. Se trata de la Feria de Alimentaci\u00f3n y Bebidas de calidad m\u00e1s grande de Europa y uno de los referentes m\u00e1s prestigiosos del mundo.<\/p>\n<p>Adem\u00e1s de <strong>presentar nuestra amplia variedad de productos<\/strong> naturales de la abeja tanto <strong>al p\u00fablico nacional como internacional del sector gastron\u00f3mico<\/strong> (restauraci\u00f3n, hosteler\u00eda, distribuci\u00f3n, catering y comercio especializado) tuvimos el placer de realizar una <strong>cata de mieles de la mano del excepcional cocinero Jes\u00fas Almagro<\/strong>. Una degustaci\u00f3n en la que el afamado <em>chef<\/em> ense\u00f1\u00f3 la manera id\u00f3nea de probar y analizar aspectos como la intensidad y persistencia de olor, aromas, dulzor, acidez, color, cristalizaci\u00f3n, etc. de la miel.<\/p>\n<p>Sin duda, una manera amena y divulgativa de conocer un poco m\u00e1s de la miel, un ingrediente cada vez m\u00e1s presente en las grandes cocinas de nuestro pa\u00eds.<\/p>\n<p>[\/et_pb_text][\/et_pb_column][et_pb_column type=\u00bb2_5&#8243; _builder_version=\u00bb4.16&#8243; custom_padding=\u00bb|||\u00bb global_colors_info=\u00bb{}\u00bb custom_padding__hover=\u00bb|||\u00bb][et_pb_image src=\u00bbhttps:\/\/abejadorada.com\/wp-content\/uploads\/2021\/10\/I-Actualidad-Miel-La-Abeja-Dorada-Feria-Gourmet-2021.jpg\u00bb align=\u00bbcenter\u00bb _builder_version=\u00bb4.23.4&#8243; box_shadow_style=\u00bbpreset3&#8243; global_colors_info=\u00bb{}\u00bb][\/et_pb_image][\/et_pb_column][\/et_pb_row][et_pb_row column_structure=\u00bb3_5,2_5&#8243; _builder_version=\u00bb4.23.4&#8243; custom_padding=\u00bb4%||4%||true|false\u00bb border_width_bottom=\u00bb1px\u00bb border_color_bottom=\u00bb#e5e5e5&#8243; global_colors_info=\u00bb{}\u00bb][et_pb_column type=\u00bb3_5&#8243; _builder_version=\u00bb4.16&#8243; background_color=\u00bb#f2f2f2&#8243; custom_padding=\u00bb2%|2%|2%|2%|true|true\u00bb box_shadow_style=\u00bbpreset3&#8243; global_colors_info=\u00bb{}\u00bb custom_padding__hover=\u00bb|||\u00bb][et_pb_text _builder_version=\u00bb4.23.4&#8243; text_font=\u00bb|600|||||||\u00bb header_font=\u00bb||||||||\u00bb header_2_font=\u00bb||||||||\u00bb header_2_font_size=\u00bb44px\u00bb header_2_line_height=\u00bb1.1em\u00bb animation_style=\u00bbslide\u00bb animation_direction=\u00bbtop\u00bb animation_duration=\u00bb1400ms\u00bb animation_intensity_slide=\u00bb6%\u00bb header_2_font_size_tablet=\u00bb40px\u00bb header_2_font_size_phone=\u00bb\u00bb header_2_font_size_last_edited=\u00bbon|phone\u00bb header_2_text_shadow_style=\u00bbpreset3&#8243; header_2_text_shadow_color=\u00bb#ffffff\u00bb text_text_align=\u00bbcenter\u00bb global_colors_info=\u00bb{}\u00bb]<\/p>\n<h3><b>Nuestra Miel de <\/b><b>Calluna<\/b><b>, Premiada en los <em>Great Taste Awards 2021<\/em><\/b><\/h3>\n<h3><span style=\"color: #ebad14;\">\u25ac Septiembre 2021<\/span><\/h3>\n<p>El certamen internacional que este a\u00f1o ha celebrado su 17\u00aa edici\u00f3n, se fall\u00f3 en Londres el d\u00eda 21 de septiembre y est\u00e1 organizado por \u201cThe Guild of Fine Food\u201d principal asociaci\u00f3n de productos Gourmet de Reino Unido. Es considerado como uno de los mejores acreditadores de calidad de alimentos y bebidas en todo el mundo. Una especie de \u201cOscars\u201d de la gastronom\u00eda y alimentaci\u00f3n.<\/p>\n<p>Dentro del concurso, basado en cata a ciegas de los productos, nuestra miel de calluna ecol\u00f3gica ha sido reconocida como una de las mejores del mundo este a\u00f1o 2021.<\/p>\n<p>Ver nota de prensa en <a href=\"https:\/\/www.iberianpress.es\/noticia\/la-miel-100-espanola-arrasa-en-los-great-taste-awards-2021\/37909\" target=\"_blank\" rel=\"noopener noreferrer\">Web IberianPress.com<\/a><\/p>\n<p>[\/et_pb_text][et_pb_toggle title=\u00bbConocer Notas de la Cata %22Miel de Calluna%22&#8243; open_toggle_text_color=\u00bb#ebad14&#8243; open_toggle_background_color=\u00bb#264a48&#8243; closed_toggle_text_color=\u00bb#ebad14&#8243; closed_toggle_background_color=\u00bb#264a48&#8243; icon_color=\u00bb#ebad14&#8243; use_icon_font_size=\u00bbon\u00bb icon_font_size=\u00bb26px\u00bb open_icon_color=\u00bb#ebad14&#8243; open_use_icon_font_size=\u00bbon\u00bb open_icon_font_size=\u00bb26px\u00bb disabled_on=\u00bboff|off|off\u00bb _builder_version=\u00bb4.16&#8243; body_text_color=\u00bb#ededed\u00bb custom_margin=\u00bb3%||||false|false\u00bb custom_padding=\u00bb||||false|false\u00bb global_colors_info=\u00bb{}\u00bb]Las motas de polen suspendidas exudan una rica nota tanto de abeja como de colmena. La textura gelatinosa es curiosa pero apetecible, fundi\u00e9ndose en el paladar revelando sus notas de sabor. El regaliz, la turba y la resina de pino funcionan en armon\u00eda. Intensos toques florales dan un dulzor sutil equilibrado con un final amargo m\u00e1s intenso.<\/p>\n<p>Esta miel viscosa de color caramelo intenso tiene una nariz c\u00e1lida. Maravillosas notas de caramelo se mezclan con alcanfor y un final ligeramente amargo. La deliciosa acidez equilibra un dulzor quemado con bordes de az\u00facar.<\/p>\n<p>Esta c\u00e1lida miel de color caramelo tiene una nariz intensa y una sensaci\u00f3n cremosa en la boca. Notas profundas de caramelo se mezclan con la dulzura para dar un final largo y un final agradable agridulce.<br \/>\n[\/et_pb_toggle][\/et_pb_column][et_pb_column type=\u00bb2_5&#8243; _builder_version=\u00bb4.16&#8243; custom_padding=\u00bb|||\u00bb global_colors_info=\u00bb{}\u00bb custom_padding__hover=\u00bb|||\u00bb][et_pb_image src=\u00bbhttps:\/\/abejadorada.com\/wp-content\/uploads\/2021\/03\/ILat-Mieles-Premiadas-GREAT-TASTE-2021.jpg\u00bb align=\u00bbcenter\u00bb _builder_version=\u00bb4.23.4&#8243; box_shadow_style=\u00bbpreset3&#8243; global_colors_info=\u00bb{}\u00bb][\/et_pb_image][\/et_pb_column][\/et_pb_row][et_pb_row column_structure=\u00bb3_5,2_5&#8243; _builder_version=\u00bb4.23.4&#8243; custom_padding=\u00bb4%||4%||true|false\u00bb border_width_bottom=\u00bb1px\u00bb border_color_bottom=\u00bb#e5e5e5&#8243; global_colors_info=\u00bb{}\u00bb][et_pb_column type=\u00bb3_5&#8243; _builder_version=\u00bb4.16&#8243; background_color=\u00bb#f2f2f2&#8243; custom_padding=\u00bb2%|2%|2%|2%|true|true\u00bb box_shadow_style=\u00bbpreset3&#8243; global_colors_info=\u00bb{}\u00bb custom_padding__hover=\u00bb|||\u00bb][et_pb_text _builder_version=\u00bb4.23.4&#8243; text_font=\u00bb|600|||||||\u00bb header_font=\u00bb||||||||\u00bb header_2_font=\u00bb||||||||\u00bb header_2_font_size=\u00bb44px\u00bb header_2_line_height=\u00bb1.1em\u00bb animation_style=\u00bbslide\u00bb animation_direction=\u00bbtop\u00bb animation_duration=\u00bb1400ms\u00bb animation_intensity_slide=\u00bb6%\u00bb header_2_font_size_tablet=\u00bb40px\u00bb header_2_font_size_phone=\u00bb\u00bb header_2_font_size_last_edited=\u00bbon|phone\u00bb header_2_text_shadow_style=\u00bbpreset3&#8243; header_2_text_shadow_color=\u00bb#ffffff\u00bb text_text_align=\u00bbcenter\u00bb global_colors_info=\u00bb{}\u00bb]<\/p>\n<h3><b>Entrevista en ONDA CERO por el D\u00eda Mundial de las Abejas 2021<\/b><\/h3>\n<h3><span style=\"color: #ebad14;\">\u25ac Mayo 2021<\/span><\/h3>\n<p>Coincidiendo con la celebraci\u00f3n del \u00ab<em><strong>D\u00eda Mundial de las Abejas<\/strong><\/em>\u00bb este pasado 20 de mayo, <strong>Onda Cero<\/strong> ha entrevistado a Iv\u00e1n del R\u00edo -CEO de <a href=\"https:\/\/abejadorada.com\/\"><strong>La Abeja Dorada<\/strong><\/a> y de <a href=\"http:\/\/www.madridmiel.com\" target=\"_blank\" rel=\"noopener noreferrer\"><strong>Madrid Miel<\/strong><\/a>&#8211; para hablar de la actualidad del mundo ap\u00edcola.<\/p>\n<p>Y es que las abejas son imprescindibles para la conservaci\u00f3n de la biodiversidad, ya que m\u00e1s de un 70% de los cultivos alimentarios del mundo dependen en cierta medida de la polinizaci\u00f3n. El problema es que corren riesgo de extinguirse y eso supone una amenaza para los ecosistemas.<\/p>\n<p>Escuchar Audio Podcast en <a href=\"https:\/\/www.ondaceromadridsur.es\/todos-podcasts\/7664\" target=\"_blank\" rel=\"noopener noreferrer\">Web ondaceromadridsur.es<\/a><\/p>\n<p>[\/et_pb_text][\/et_pb_column][et_pb_column type=\u00bb2_5&#8243; _builder_version=\u00bb4.16&#8243; custom_padding=\u00bb|||\u00bb global_colors_info=\u00bb{}\u00bb custom_padding__hover=\u00bb|||\u00bb][et_pb_image src=\u00bbhttps:\/\/abejadorada.com\/wp-content\/uploads\/2021\/05\/I-Actualidad-Entrevista-ONDA-CERO-Dia-Abejas-2021.jpg\u00bb align=\u00bbcenter\u00bb _builder_version=\u00bb4.23.4&#8243; box_shadow_style=\u00bbpreset3&#8243; global_colors_info=\u00bb{}\u00bb][\/et_pb_image][\/et_pb_column][\/et_pb_row][et_pb_row column_structure=\u00bb3_5,2_5&#8243; _builder_version=\u00bb4.23.4&#8243; custom_padding=\u00bb4%||4%||true|false\u00bb border_width_bottom=\u00bb1px\u00bb border_color_bottom=\u00bb#e5e5e5&#8243; global_colors_info=\u00bb{}\u00bb][et_pb_column type=\u00bb3_5&#8243; _builder_version=\u00bb4.16&#8243; background_color=\u00bb#f2f2f2&#8243; custom_padding=\u00bb2%|2%|2%|2%|true|true\u00bb box_shadow_style=\u00bbpreset3&#8243; global_colors_info=\u00bb{}\u00bb custom_padding__hover=\u00bb|||\u00bb][et_pb_text _builder_version=\u00bb4.23.4&#8243; text_font=\u00bb|600|||||||\u00bb header_font=\u00bb||||||||\u00bb header_2_font=\u00bb||||||||\u00bb header_2_font_size=\u00bb44px\u00bb header_2_line_height=\u00bb1.1em\u00bb animation_style=\u00bbslide\u00bb animation_direction=\u00bbtop\u00bb animation_duration=\u00bb1400ms\u00bb animation_intensity_slide=\u00bb6%\u00bb header_2_font_size_tablet=\u00bb40px\u00bb header_2_font_size_phone=\u00bb\u00bb header_2_font_size_last_edited=\u00bbon|phone\u00bb header_2_text_shadow_style=\u00bbpreset3&#8243; header_2_text_shadow_color=\u00bb#ffffff\u00bb text_text_align=\u00bbcenter\u00bb global_colors_info=\u00bb{}\u00bb]<\/p>\n<h3><b>El Chef Jes\u00fas Almagro Cocina para el Programa Aqu\u00ed la Tierra de RTVE con productos de LA ABEJA DORADA<\/b><\/h3>\n<h3><span style=\"color: #ebad14;\">\u25ac Abril 2021<\/span><\/h3>\n<p>En <strong>La Abeja Dorada<\/strong> hemos recibido recientemente en uno de nuestros colmenares a un equipo del programa <a href=\"https:\/\/www.facebook.com\/aquilatierra\/\" target=\"_blank\" rel=\"noopener noreferrer\">AQU\u00cd LA TIERRA de RTVE<\/a> para preparar, de la mano de Jes\u00fas Almagro -chef del restaurante St. James- tres elaboraciones de lo m\u00e1s creativas (y sencillas) utilizando como base productos 100% naturales provenientes de la abeja:<br \/>&#8211; Mantequilla de polen fresco.<br \/>&#8211; Jarabe de miel de lavanda (para acompa\u00f1ar postres, como el yogurt).<br \/>&#8211; Caramelos de prop\u00f3leo.<\/p>\n<p>Estamos encantados de colaborar con cocineros que elevan a la m\u00e1xima expresi\u00f3n culinaria cualquiera de nuestros productos. Y es que \u00a1<strong>la cocina con ingredientes ap\u00edcolas est\u00e1 de moda<\/strong>!<\/p>\n<p>Ver video en <a href=\"https:\/\/www.rtve.es\/alacarta\/videos\/aqui-la-tierra\/29-04-21\/5891715\/\" target=\"_blank\" rel=\"noopener noreferrer\">Web rtve.es<\/a> | <a href=\"https:\/\/www.youtube.com\/watch?v=_9JFopiK93E\" target=\"_blank\" rel=\"noopener noreferrer\">Canal youtube.com<\/a><\/p>\n<p>[\/et_pb_text][\/et_pb_column][et_pb_column type=\u00bb2_5&#8243; _builder_version=\u00bb4.16&#8243; custom_padding=\u00bb|||\u00bb global_colors_info=\u00bb{}\u00bb custom_padding__hover=\u00bb|||\u00bb][et_pb_image src=\u00bbhttps:\/\/abejadorada.com\/wp-content\/uploads\/2021\/04\/I-Actualidad-AQUI-LA-TIERRA-Jesus-Almagro-ABEJA-DORADA.jpg\u00bb align=\u00bbcenter\u00bb _builder_version=\u00bb4.23.4&#8243; box_shadow_style=\u00bbpreset3&#8243; global_colors_info=\u00bb{}\u00bb][\/et_pb_image][\/et_pb_column][\/et_pb_row][et_pb_row column_structure=\u00bb3_5,2_5&#8243; _builder_version=\u00bb4.23.4&#8243; custom_padding=\u00bb4%||4%||true|false\u00bb border_width_bottom=\u00bb1px\u00bb border_color_bottom=\u00bb#e5e5e5&#8243; global_colors_info=\u00bb{}\u00bb][et_pb_column type=\u00bb3_5&#8243; _builder_version=\u00bb4.16&#8243; background_color=\u00bb#f2f2f2&#8243; custom_padding=\u00bb2%|2%|2%|2%|true|true\u00bb box_shadow_style=\u00bbpreset3&#8243; global_colors_info=\u00bb{}\u00bb custom_padding__hover=\u00bb|||\u00bb][et_pb_text _builder_version=\u00bb4.23.4&#8243; text_font=\u00bb|600|||||||\u00bb header_font=\u00bb||||||||\u00bb header_2_font=\u00bb||||||||\u00bb header_2_font_size=\u00bb44px\u00bb header_2_line_height=\u00bb1.1em\u00bb animation_style=\u00bbslide\u00bb animation_direction=\u00bbtop\u00bb animation_duration=\u00bb1400ms\u00bb animation_intensity_slide=\u00bb6%\u00bb header_2_font_size_tablet=\u00bb40px\u00bb header_2_font_size_phone=\u00bb\u00bb header_2_font_size_last_edited=\u00bbon|phone\u00bb header_2_text_shadow_style=\u00bbpreset3&#8243; header_2_text_shadow_color=\u00bb#ffffff\u00bb text_text_align=\u00bbcenter\u00bb global_colors_info=\u00bb{}\u00bb]<\/p>\n<h3><b>La Mejor Cocina de Nuestro Pa\u00eds, Lleva el Aroma de las Mieles de LA ABEJA DORADA<\/b><\/h3>\n<h3><span style=\"color: #ebad14;\">\u25ac Enero 2021<\/span><\/h3>\n<p>A finales de enero, <strong>Rub\u00e9n Amro<\/strong> y <strong>Agus Herrera<\/strong>, jefes de cocina del <strong>Hotel Box Art<\/strong> y de <strong>Marepolis<\/strong>\u00a0respectivamente, se han alzado con el t\u00edtulo <strong>mejores cocineros de Madrid<\/strong> en el \u00ab<strong>XXVII Certamen Gastron\u00f3mico Comunidad de Madrid<\/strong>\u00ab. De ese modo,\u00a0representar\u00e1n a la regi\u00f3n en el Campeonato Nacional que organiza la Federaci\u00f3n de Cocineros y Reposteros de Espa\u00f1a (Facyre).<\/p>\n<p>Ambos chefs son grandes propulsores de la cocina de autor en la que fusionan de manera sobresaliente sabores y texturas en las que juegan con nuestras mieles. Desde LA ABEJA DORADA queremos felicitarles por su gran trabajo y decidida apuesta por una gastronom\u00eda cada vez de mayor calidad.<\/p>\n<p>Ver noticia en <a href=\"https:\/\/www.lavanguardia.com\/ocio\/20210125\/6197612\/ruben-amro-agus-herrera-ganan-certamen-gastronomico-madrid.html\" target=\"_blank\" rel=\"noopener noreferrer\">lavanguardia.com<\/a> | <a href=\"https:\/\/www.telemadrid.es\/programas\/madrid-directo\/Ruben-Amro-Agus-Herrera-Madrid-2-2308289202--20210125093342.html\" target=\"_blank\" rel=\"noopener noreferrer\">telemadrid.es<\/a><\/p>\n<p>[\/et_pb_text][\/et_pb_column][et_pb_column type=\u00bb2_5&#8243; _builder_version=\u00bb4.16&#8243; custom_padding=\u00bb|||\u00bb global_colors_info=\u00bb{}\u00bb custom_padding__hover=\u00bb|||\u00bb][et_pb_image src=\u00bbhttps:\/\/abejadorada.com\/wp-content\/uploads\/2021\/03\/I-Actualidad-Certamen-Gastronomia-Comunidad-Madrid.jpg\u00bb align=\u00bbcenter\u00bb _builder_version=\u00bb4.23.4&#8243; box_shadow_style=\u00bbpreset3&#8243; global_colors_info=\u00bb{}\u00bb][\/et_pb_image][\/et_pb_column][\/et_pb_row][et_pb_row column_structure=\u00bb3_5,2_5&#8243; _builder_version=\u00bb4.23.4&#8243; custom_padding=\u00bb4%||4%||true|false\u00bb border_width_bottom=\u00bb1px\u00bb border_color_bottom=\u00bb#e5e5e5&#8243; global_colors_info=\u00bb{}\u00bb][et_pb_column type=\u00bb3_5&#8243; _builder_version=\u00bb4.16&#8243; background_color=\u00bb#f2f2f2&#8243; custom_padding=\u00bb2%|2%|2%|2%|true|true\u00bb box_shadow_style=\u00bbpreset3&#8243; global_colors_info=\u00bb{}\u00bb custom_padding__hover=\u00bb|||\u00bb][et_pb_text _builder_version=\u00bb4.23.4&#8243; text_font=\u00bb|600|||||||\u00bb header_font=\u00bb||||||||\u00bb header_2_font=\u00bb||||||||\u00bb header_2_font_size=\u00bb44px\u00bb header_2_line_height=\u00bb1.1em\u00bb animation_style=\u00bbslide\u00bb animation_direction=\u00bbtop\u00bb animation_duration=\u00bb1400ms\u00bb animation_intensity_slide=\u00bb6%\u00bb header_2_font_size_tablet=\u00bb40px\u00bb header_2_font_size_phone=\u00bb\u00bb header_2_font_size_last_edited=\u00bbon|phone\u00bb header_2_text_shadow_style=\u00bbpreset3&#8243; header_2_text_shadow_color=\u00bb#ffffff\u00bb text_text_align=\u00bbcenter\u00bb global_colors_info=\u00bb{}\u00bb]<\/p>\n<h3><b>La Abeja Dorada, Galardonada en los LONDON HONEY AWARDS<\/b><\/h3>\n<h3><span style=\"color: #ebad14;\">\u25ac Julio 2020<\/span><\/h3>\n<p>El verano ha comenzado con una noticia muy especial. Y es que en los prestigiosos <a href=\"http:\/\/www.londonhoneyawards.com\/\" target=\"_blank\" rel=\"noopener noreferrer\"><strong>London International Honey Awards<\/strong><\/a>, que reconocen cada a\u00f1o a los mejores productores de miel, apicultores y distribuidores, <strong>han seleccionado<\/strong> a <strong>tres de nuestras mieles como<\/strong> algunas de <strong>las mejores del mundo<\/strong>.<\/p>\n<p>En esta edici\u00f3n de 2020, <strong>Madrid Miel &amp; La Abeja Dorada<\/strong> hemos sido galardonados en la categor\u00eda que premia la Calidad con la <strong>distinci\u00f3n de oro para la Miel de Calluna<\/strong> y la Miel de <strong>Monta\u00f1a<\/strong>, y con el m\u00e1ximo galard\u00f3n y <strong>distinci\u00f3n platinum para la Miel de Lavanda<\/strong>, considerada \u00e9sta como una de las 20 mejores mieles del mundo seg\u00fan los catadores.<\/p>\n<p><span class=\"color_11\">Sin duda, cualquier premio siempre es una buena noticia. Y m\u00e1s si se trata de los principales galardones a nivel internacional. Para nosotros es un reconocimiento al trabajo y la <strong>labor familiar de maestros apicultores espa\u00f1oles<\/strong>, que desde 1.860 llevamos haciendo las mejores mieles naturales y org\u00e1nicas en nuestro pa\u00eds.<\/span><\/p>\n<p>[\/et_pb_text][\/et_pb_column][et_pb_column type=\u00bb2_5&#8243; _builder_version=\u00bb4.16&#8243; custom_padding=\u00bb|||\u00bb global_colors_info=\u00bb{}\u00bb custom_padding__hover=\u00bb|||\u00bb][et_pb_image src=\u00bbhttps:\/\/abejadorada.com\/wp-content\/uploads\/2020\/07\/I-Actualidad-MEJOR-MIEL-ESPA\u00d1OLA-2020.jpg\u00bb align=\u00bbcenter\u00bb _builder_version=\u00bb4.23.4&#8243; box_shadow_style=\u00bbpreset3&#8243; global_colors_info=\u00bb{}\u00bb][\/et_pb_image][\/et_pb_column][\/et_pb_row][et_pb_row column_structure=\u00bb3_5,2_5&#8243; _builder_version=\u00bb4.23.4&#8243; custom_padding=\u00bb4%||4%||true|false\u00bb border_width_bottom=\u00bb1px\u00bb border_color_bottom=\u00bb#e5e5e5&#8243; global_colors_info=\u00bb{}\u00bb][et_pb_column type=\u00bb3_5&#8243; _builder_version=\u00bb4.16&#8243; background_color=\u00bb#f2f2f2&#8243; custom_padding=\u00bb2%|2%|2%|2%|true|true\u00bb box_shadow_style=\u00bbpreset3&#8243; global_colors_info=\u00bb{}\u00bb custom_padding__hover=\u00bb|||\u00bb][et_pb_text _builder_version=\u00bb4.23.4&#8243; text_font=\u00bb|600|||||||\u00bb header_font=\u00bb||||||||\u00bb header_2_font=\u00bb||||||||\u00bb header_2_font_size=\u00bb44px\u00bb header_2_line_height=\u00bb1.1em\u00bb animation_style=\u00bbslide\u00bb animation_direction=\u00bbtop\u00bb animation_duration=\u00bb1400ms\u00bb animation_intensity_slide=\u00bb6%\u00bb header_2_font_size_tablet=\u00bb40px\u00bb header_2_font_size_phone=\u00bb\u00bb header_2_font_size_last_edited=\u00bbon|phone\u00bb header_2_text_shadow_style=\u00bbpreset3&#8243; header_2_text_shadow_color=\u00bb#ffffff\u00bb text_text_align=\u00bbcenter\u00bb global_colors_info=\u00bb{}\u00bb]<\/p>\n<h3><b>Nuestra Miel, Una de las Mejores de Espa\u00f1a este A\u00f1o 2020<\/b><\/h3>\n<h3><span style=\"color: #ebad14;\">\u25ac Junio 2020<\/span><\/h3>\n<p>El prestigioso blog <a href=\"https:\/\/www.elblogdegastromadrid.com\/mejores-mieles-espana\" target=\"_blank\" rel=\"noopener noreferrer\">Gastro Madrid<\/a> ha publicado recientemente un ranking con las <strong>mejores mieles de Espa\u00f1a<\/strong> y hemos tenido el honor de ser incluidos como una de las 5 <strong>mejores mieles nacionales<\/strong> en este <strong>2020<\/strong>.<\/p>\n<p>Para el equipo de <strong>La Abeja Dorada<\/strong> y <strong>Madrid Miel<\/strong>, supone un reconocimiento a nuestro trabajo y al esfuerzo de nuestros antepasados que nos marcaron el camino a seguir en este maravilloso mundo de la miel. Adem\u00e1s, es una motivaci\u00f3n m\u00e1s para seguir esforz\u00e1ndonos y seguir creando mieles de una aut\u00e9ntica calidad.<\/p>\n<p>Como no puede ser de otro modo, felicitamos al resto de productores que componen el ranking; Ap\u00edcola Rossend Margalef, Miel de Asturias La Puela, Miel Montes de Valven\u00ed y Nectarius Miel de autor.<\/p>\n<p>[\/et_pb_text][\/et_pb_column][et_pb_column type=\u00bb2_5&#8243; _builder_version=\u00bb4.16&#8243; custom_padding=\u00bb|||\u00bb global_colors_info=\u00bb{}\u00bb custom_padding__hover=\u00bb|||\u00bb][et_pb_image src=\u00bbhttps:\/\/abejadorada.com\/wp-content\/uploads\/2020\/06\/I-Actualidad-Mejores-Mieles-Espa\u00f1a-2020.jpg\u00bb align=\u00bbcenter\u00bb _builder_version=\u00bb4.23.4&#8243; box_shadow_style=\u00bbpreset3&#8243; global_colors_info=\u00bb{}\u00bb][\/et_pb_image][\/et_pb_column][\/et_pb_row][et_pb_row column_structure=\u00bb3_5,2_5&#8243; _builder_version=\u00bb4.23.4&#8243; custom_padding=\u00bb4%||4%||true|false\u00bb border_width_bottom=\u00bb1px\u00bb border_color_bottom=\u00bb#e5e5e5&#8243; global_colors_info=\u00bb{}\u00bb][et_pb_column type=\u00bb3_5&#8243; _builder_version=\u00bb4.16&#8243; background_color=\u00bb#f2f2f2&#8243; custom_padding=\u00bb2%|2%|2%|2%|true|true\u00bb box_shadow_style=\u00bbpreset3&#8243; global_colors_info=\u00bb{}\u00bb custom_padding__hover=\u00bb|||\u00bb][et_pb_text _builder_version=\u00bb4.23.4&#8243; text_font=\u00bb|600|||||||\u00bb header_font=\u00bb||||||||\u00bb header_2_font=\u00bb||||||||\u00bb header_2_font_size=\u00bb44px\u00bb header_2_line_height=\u00bb1.1em\u00bb animation_style=\u00bbslide\u00bb animation_direction=\u00bbtop\u00bb animation_duration=\u00bb1400ms\u00bb animation_intensity_slide=\u00bb6%\u00bb header_2_font_size_tablet=\u00bb40px\u00bb header_2_font_size_phone=\u00bb\u00bb header_2_font_size_last_edited=\u00bbon|phone\u00bb header_2_text_shadow_style=\u00bbpreset3&#8243; header_2_text_shadow_color=\u00bb#ffffff\u00bb text_text_align=\u00bbcenter\u00bb global_colors_info=\u00bb{}\u00bb]<\/p>\n<h3><b>ACYRE y La Abeja Dorada en \u00abAqu\u00ed La Tierra\u00bb de TVE<\/b><\/h3>\n<h3><span style=\"color: #ebad14;\">\u25ac Mayo 2020<\/span><\/h3>\n<p>A ra\u00edz de la crisis que el coronavirus (Covid-19) est\u00e1 generando en nuestra sociedad, <a class=\"profileLink\" href=\"https:\/\/www.facebook.com\/acyremadrid\/?fref=mentions&amp;__xts__%5B0%5D=68.ARCZNyrDaBKzXgAkF6zHsbSw8ICE2h6_7DN5hH9PuJdatcncYj5rnsfx_RMDmGV6lr4xL40Juh8RoTjV_TU3AxwtojUhC3P9NoVQSwiIpQFGHi-eavsLZcoGz2uQfRCtE6gvQi6VYf6l4VdlStYNZLq9ga6b5D6-FEMJLN6C-P7A5FTlGKElyswxhar7plrAWStAXiamdnQSI13UrNWEHF-5nITfx0SeF6-PJPJKm4cryq0NGn7YFaHxQIYGDnprOWrEL7tHW1EFZMenTk0waBRYP0xrZQrnzPHuNm-UZ68K65LFVnJXZ63y-BmLp5XWGvn7zf_KmMb8kJOzVLolb_I5Nw&amp;__tn__=K-R\" target=\"_blank\" rel=\"noopener noreferrer\">ACYRE &#8211; Asociaci\u00f3n de Cocineros y Reposteros de Madrid<\/a>, junto a CEIP Nuestra Se\u00f1ora de Lucero con <a class=\"profileLink\" href=\"https:\/\/www.facebook.com\/TurismoSolidario2020\/?fref=mentions&amp;__xts__%5B0%5D=68.ARCZNyrDaBKzXgAkF6zHsbSw8ICE2h6_7DN5hH9PuJdatcncYj5rnsfx_RMDmGV6lr4xL40Juh8RoTjV_TU3AxwtojUhC3P9NoVQSwiIpQFGHi-eavsLZcoGz2uQfRCtE6gvQi6VYf6l4VdlStYNZLq9ga6b5D6-FEMJLN6C-P7A5FTlGKElyswxhar7plrAWStAXiamdnQSI13UrNWEHF-5nITfx0SeF6-PJPJKm4cryq0NGn7YFaHxQIYGDnprOWrEL7tHW1EFZMenTk0waBRYP0xrZQrnzPHuNm-UZ68K65LFVnJXZ63y-BmLp5XWGvn7zf_KmMb8kJOzVLolb_I5Nw&amp;__tn__=K-R\" target=\"_blank\" rel=\"noopener noreferrer\">Turismo Solidario 2020<\/a>, <a class=\"profileLink\" href=\"https:\/\/www.facebook.com\/WorldCentralKitchen\/?fref=mentions&amp;__xts__%5B0%5D=68.ARCZNyrDaBKzXgAkF6zHsbSw8ICE2h6_7DN5hH9PuJdatcncYj5rnsfx_RMDmGV6lr4xL40Juh8RoTjV_TU3AxwtojUhC3P9NoVQSwiIpQFGHi-eavsLZcoGz2uQfRCtE6gvQi6VYf6l4VdlStYNZLq9ga6b5D6-FEMJLN6C-P7A5FTlGKElyswxhar7plrAWStAXiamdnQSI13UrNWEHF-5nITfx0SeF6-PJPJKm4cryq0NGn7YFaHxQIYGDnprOWrEL7tHW1EFZMenTk0waBRYP0xrZQrnzPHuNm-UZ68K65LFVnJXZ63y-BmLp5XWGvn7zf_KmMb8kJOzVLolb_I5Nw&amp;__tn__=K-R\" target=\"_blank\" rel=\"noopener noreferrer\">World Central Kitchen<\/a> y <a class=\"profileLink\" href=\"https:\/\/www.facebook.com\/taramara.madrid\/?fref=mentions&amp;__xts__%5B0%5D=68.ARCZNyrDaBKzXgAkF6zHsbSw8ICE2h6_7DN5hH9PuJdatcncYj5rnsfx_RMDmGV6lr4xL40Juh8RoTjV_TU3AxwtojUhC3P9NoVQSwiIpQFGHi-eavsLZcoGz2uQfRCtE6gvQi6VYf6l4VdlStYNZLq9ga6b5D6-FEMJLN6C-P7A5FTlGKElyswxhar7plrAWStAXiamdnQSI13UrNWEHF-5nITfx0SeF6-PJPJKm4cryq0NGn7YFaHxQIYGDnprOWrEL7tHW1EFZMenTk0waBRYP0xrZQrnzPHuNm-UZ68K65LFVnJXZ63y-BmLp5XWGvn7zf_KmMb8kJOzVLolb_I5Nw&amp;__tn__=K-R\" target=\"_blank\" rel=\"noopener noreferrer\">Taramara<\/a> han encabezado una iniciativa para preparar y hacer llegar men\u00fas de comida a las familias de la red Innicia Madrid que m\u00e1s ayuda necesitan.<\/p>\n<p>Sin pensarlo ni un momento, hemos puesto nuestras mieles de LA ABEJA DORADA a disposici\u00f3n de esta iniciativa. As\u00ed, el programa <a class=\"profileLink\" href=\"https:\/\/www.facebook.com\/aquilatierra\/?fref=mentions&amp;__xts__%5B0%5D=68.ARCZNyrDaBKzXgAkF6zHsbSw8ICE2h6_7DN5hH9PuJdatcncYj5rnsfx_RMDmGV6lr4xL40Juh8RoTjV_TU3AxwtojUhC3P9NoVQSwiIpQFGHi-eavsLZcoGz2uQfRCtE6gvQi6VYf6l4VdlStYNZLq9ga6b5D6-FEMJLN6C-P7A5FTlGKElyswxhar7plrAWStAXiamdnQSI13UrNWEHF-5nITfx0SeF6-PJPJKm4cryq0NGn7YFaHxQIYGDnprOWrEL7tHW1EFZMenTk0waBRYP0xrZQrnzPHuNm-UZ68K65LFVnJXZ63y-BmLp5XWGvn7zf_KmMb8kJOzVLolb_I5Nw&amp;__tn__=K-R\" target=\"_blank\" rel=\"noopener noreferrer\">Aqu\u00ed la Tierra<\/a> de <a class=\"profileLink\" href=\"https:\/\/www.facebook.com\/pages\/Tve\/186444921405763?fref=mentions&amp;__xts__%5B0%5D=68.ARCZNyrDaBKzXgAkF6zHsbSw8ICE2h6_7DN5hH9PuJdatcncYj5rnsfx_RMDmGV6lr4xL40Juh8RoTjV_TU3AxwtojUhC3P9NoVQSwiIpQFGHi-eavsLZcoGz2uQfRCtE6gvQi6VYf6l4VdlStYNZLq9ga6b5D6-FEMJLN6C-P7A5FTlGKElyswxhar7plrAWStAXiamdnQSI13UrNWEHF-5nITfx0SeF6-PJPJKm4cryq0NGn7YFaHxQIYGDnprOWrEL7tHW1EFZMenTk0waBRYP0xrZQrnzPHuNm-UZ68K65LFVnJXZ63y-BmLp5XWGvn7zf_KmMb8kJOzVLolb_I5Nw&amp;__tn__=K-R\" target=\"_blank\" rel=\"noopener noreferrer\">TVE<\/a> se ha hecho eco de ello y han querido conocer de primera mano este proyecto, poniendo especial a<span class=\"text_exposed_show\">tenci\u00f3n a cada una de las elaboraciones que el equipo de cocina ha preparado.<\/span><\/p>\n<p>[\/et_pb_text][\/et_pb_column][et_pb_column type=\u00bb2_5&#8243; _builder_version=\u00bb4.16&#8243; custom_padding=\u00bb|||\u00bb global_colors_info=\u00bb{}\u00bb custom_padding__hover=\u00bb|||\u00bb][et_pb_image src=\u00bbhttps:\/\/abejadorada.com\/wp-content\/uploads\/2020\/05\/I-Actualidad-Miel-ACYRE-Cocineros-Madrid.jpg\u00bb align=\u00bbcenter\u00bb _builder_version=\u00bb4.23.4&#8243; box_shadow_style=\u00bbpreset3&#8243; global_colors_info=\u00bb{}\u00bb][\/et_pb_image][\/et_pb_column][\/et_pb_row][et_pb_row column_structure=\u00bb3_5,2_5&#8243; _builder_version=\u00bb4.23.4&#8243; custom_padding=\u00bb4%||4%||true|false\u00bb border_width_bottom=\u00bb1px\u00bb border_color_bottom=\u00bb#e5e5e5&#8243; global_colors_info=\u00bb{}\u00bb][et_pb_column type=\u00bb3_5&#8243; _builder_version=\u00bb4.16&#8243; background_color=\u00bb#f2f2f2&#8243; custom_padding=\u00bb2%|2%|2%|2%|true|true\u00bb box_shadow_style=\u00bbpreset3&#8243; global_colors_info=\u00bb{}\u00bb custom_padding__hover=\u00bb|||\u00bb][et_pb_text _builder_version=\u00bb4.23.4&#8243; text_font=\u00bb|600|||||||\u00bb header_font=\u00bb||||||||\u00bb header_2_font=\u00bb||||||||\u00bb header_2_font_size=\u00bb44px\u00bb header_2_line_height=\u00bb1.1em\u00bb animation_style=\u00bbslide\u00bb animation_direction=\u00bbtop\u00bb animation_duration=\u00bb1400ms\u00bb animation_intensity_slide=\u00bb6%\u00bb header_2_font_size_tablet=\u00bb40px\u00bb header_2_font_size_phone=\u00bb\u00bb header_2_font_size_last_edited=\u00bbon|phone\u00bb header_2_text_shadow_style=\u00bbpreset3&#8243; header_2_text_shadow_color=\u00bb#ffffff\u00bb text_text_align=\u00bbcenter\u00bb global_colors_info=\u00bb{}\u00bb]<\/p>\n<h3><b>Tapasiona 2020<\/b><\/h3>\n<h3><span style=\"color: #ebad14;\">\u25ac Febrero 2020<\/span><\/h3>\n<p>El 24 de febrero hemos tenido el placer de ser invitados al evento TAPASIONA, un encuentro culinario entre empresarios de la industria alimentaria madrile\u00f1a, profesionales de la cocina: chefs, estudiantes de cocina, periodistas y blogueros gastron\u00f3micos, investigadores, profesores universitarios, nutricionistas y responsables de instituciones que nos acompa\u00f1an en nuestro trabajo diario.<\/p>\n<p>Enhorabuena a todos los chefs por sus grandes creaciones. Menci\u00f3n especial a \u00d3SCAR SANCHEZ de\u00a0<a href=\"https:\/\/www.facebook.com\/cuisineautorcatering\/?fref=mentions&amp;__xts__%5B0%5D=68.ARDBWzJ-5n1gNLLG1epm7ff8wH-0f7TFCb3kT1zgE-95B5QUR2Toyk_jbovrOmv7BZWyzdY_MMlsNZ8kuC3Vns8gQgA3EYAAOzS-p2dcCkncrbrglgGeMsKb8MfgHvjO7rlzSj2y9Y_IcFldGK6V7_FjjPI6OcJ91YwzskAuLEFtEHGKhPYN5NU351zGjHAOEHugfe4gK9nX7qsWOcZY4M3Z9vtf9tZz76BHxsNkYzQQ08VGPBpDGjWzChkKH4HV_xM1HK0wB2z9gk5r3BSNBgZCAlILRWzSrhGMur97uw6RzUlV4eqva6f8DKe-muZAZBFXDNLkG0K91H_fAyn2Yz1l_8wJ&amp;__tn__=K-R\" target=\"_blank\" rel=\"noopener noreferrer\">Cuisine Catering &amp; Cocktail<\/a>, Chef NAVARRO de <a href=\"https:\/\/www.facebook.com\/almacocktailstapas\/?fref=mentions&amp;__xts__%5B0%5D=68.ARDBWzJ-5n1gNLLG1epm7ff8wH-0f7TFCb3kT1zgE-95B5QUR2Toyk_jbovrOmv7BZWyzdY_MMlsNZ8kuC3Vns8gQgA3EYAAOzS-p2dcCkncrbrglgGeMsKb8MfgHvjO7rlzSj2y9Y_IcFldGK6V7_FjjPI6OcJ91YwzskAuLEFtEHGKhPYN5NU351zGjHAOEHugfe4gK9nX7qsWOcZY4M3Z9vtf9tZz76BHxsNkYzQQ08VGPBpDGjWzChkKH4HV_xM1HK0wB2z9gk5r3BSNBgZCAlILRWzSrhGMur97uw6RzUlV4eqva6f8DKe-muZAZBFXDNLkG0K91H_fAyn2Yz1l_8wJ&amp;__tn__=K-R\" target=\"_blank\" rel=\"noopener noreferrer\">Restaurante Alma<\/a>, AGUSTIN HERRERA de restaurante <a href=\"https:\/\/www.facebook.com\/elclasicomad\/\" target=\"_blank\" rel=\"noopener noreferrer\">El Cl\u00e1sico<\/a>, y ANGEL GONZ\u00c1LEZ DE <a href=\"https:\/\/www.facebook.com\/M%C3%81S-QUE-MASA-1843335702384419\/\" target=\"_blank\" rel=\"noopener noreferrer\">M\u00e1s Que Masa<\/a>, que introdujeron nuestras mieles en sus platos.<\/p>\n<p>[\/et_pb_text][\/et_pb_column][et_pb_column type=\u00bb2_5&#8243; _builder_version=\u00bb4.16&#8243; custom_padding=\u00bb|||\u00bb global_colors_info=\u00bb{}\u00bb custom_padding__hover=\u00bb|||\u00bb][et_pb_image src=\u00bbhttps:\/\/abejadorada.com\/wp-content\/uploads\/2020\/03\/I-Actualidad-Feb20.jpg\u00bb align=\u00bbcenter\u00bb _builder_version=\u00bb4.23.4&#8243; box_shadow_style=\u00bbpreset3&#8243; global_colors_info=\u00bb{}\u00bb][\/et_pb_image][\/et_pb_column][\/et_pb_row][et_pb_row column_structure=\u00bb3_5,2_5&#8243; _builder_version=\u00bb4.23.4&#8243; custom_padding=\u00bb4%||4%||true|false\u00bb border_width_bottom=\u00bb1px\u00bb border_color_bottom=\u00bb#e5e5e5&#8243; global_colors_info=\u00bb{}\u00bb][et_pb_column type=\u00bb3_5&#8243; _builder_version=\u00bb4.16&#8243; background_color=\u00bb#f2f2f2&#8243; custom_padding=\u00bb2%|2%|2%|2%|true|true\u00bb box_shadow_style=\u00bbpreset3&#8243; global_colors_info=\u00bb{}\u00bb custom_padding__hover=\u00bb|||\u00bb][et_pb_text _builder_version=\u00bb4.23.4&#8243; text_font=\u00bb|600|||||||\u00bb header_font=\u00bb||||||||\u00bb header_2_font=\u00bb||||||||\u00bb header_2_font_size=\u00bb44px\u00bb header_2_line_height=\u00bb1.1em\u00bb animation_style=\u00bbslide\u00bb animation_direction=\u00bbtop\u00bb animation_duration=\u00bb1400ms\u00bb animation_intensity_slide=\u00bb6%\u00bb header_2_font_size_tablet=\u00bb40px\u00bb header_2_font_size_phone=\u00bb\u00bb header_2_font_size_last_edited=\u00bbon|phone\u00bb header_2_text_shadow_style=\u00bbpreset3&#8243; header_2_text_shadow_color=\u00bb#ffffff\u00bb text_text_align=\u00bbcenter\u00bb global_colors_info=\u00bb{}\u00bb]<\/p>\n<h3><b>Reportaje TV \u00abSalud al D\u00eda\u00bb Telemadrid<\/b><\/h3>\n<h3><span style=\"color: #ebad14;\">\u25ac Diciembre 2019<\/span><\/h3>\n<p>La Abeja Dorada hemos colaborado recientemente junto a Greenpeace en un reportaje para el programa \u00abSalud al D\u00eda\u00bb de Telemadrid. El motivo de esta aparici\u00f3n en Televisi\u00f3n no es otro que poner de manifiesto la importancia de las abejas en los ecosistemas y la biodiversidad tanto de los entornos naturales como los urbanos. Nosotros con nuestras abejas, contribuimos al medio ambiente mediante la polinizaci\u00f3n. Alentamos a tod@s a contribuir en la medida de lo posible a la no contaminaci\u00f3n y al buen uso de la naturaleza.<\/p>\n<p>Puedes ver el reportaje <a href=\"http:\/\/www.telemadrid.es\/programas\/salud-al-dia\/Salud-dia-2-2181401887--20191129100000.html\" target=\"_blank\" rel=\"noopener noreferrer\">aqu\u00ed<\/a> a partir del minuto 29:40<\/p>\n<p>[\/et_pb_text][\/et_pb_column][et_pb_column type=\u00bb2_5&#8243; _builder_version=\u00bb4.16&#8243; custom_padding=\u00bb|||\u00bb global_colors_info=\u00bb{}\u00bb custom_padding__hover=\u00bb|||\u00bb][et_pb_image src=\u00bbhttps:\/\/abejadorada.com\/wp-content\/uploads\/2020\/03\/I-Actualidad-Abeja-Dorada-Polinizacion-Telemadrid.jpg\u00bb align=\u00bbcenter\u00bb _builder_version=\u00bb4.23.4&#8243; box_shadow_style=\u00bbpreset3&#8243; global_colors_info=\u00bb{}\u00bb][\/et_pb_image][\/et_pb_column][\/et_pb_row][\/et_pb_section][et_pb_section fb_built=\u00bb1&#8243; _builder_version=\u00bb4.23.4&#8243; background_color=\u00bbrgba(235,173,20,0.58)\u00bb use_background_color_gradient=\u00bbon\u00bb background_color_gradient_stops=\u00bbrgba(235,173,20,0.58) 0%|rgba(235,173,20,0.58) 100%\u00bb background_color_gradient_overlays_image=\u00bbon\u00bb background_color_gradient_start=\u00bbrgba(235,173,20,0.58)\u00bb background_color_gradient_end=\u00bbrgba(235,173,20,0.58)\u00bb background_image=\u00bbhttps:\/\/abejadorada.com\/wp-content\/uploads\/2020\/02\/IScr-Apicultores-Produccion-Miel-Ecologica-Espa\u00f1a.jpg\u00bb background_position=\u00bbtop_center\u00bb box_shadow_style=\u00bbpreset7&#8243; box_shadow_horizontal=\u00bb0px\u00bb box_shadow_vertical=\u00bb300px\u00bb box_shadow_color=\u00bb#ffffff\u00bb global_colors_info=\u00bb{}\u00bb][et_pb_row column_structure=\u00bb1_2,1_2&#8243; _builder_version=\u00bb4.16&#8243; global_colors_info=\u00bb{}\u00bb][et_pb_column type=\u00bb1_2&#8243; _builder_version=\u00bb4.16&#8243; custom_padding=\u00bb|||\u00bb global_colors_info=\u00bb{}\u00bb custom_padding__hover=\u00bb|||\u00bb][et_pb_text _builder_version=\u00bb4.23.4&#8243; text_font=\u00bb||||||||\u00bb link_text_color=\u00bb#707070&#8243; header_font=\u00bb||||||||\u00bb header_2_font=\u00bbMontserrat|300|||||||\u00bb header_2_font_size=\u00bb42px\u00bb header_2_line_height=\u00bb1.5em\u00bb header_4_font=\u00bbMontserrat|500||on|||||\u00bb header_4_text_color=\u00bb#ef6f49&#8243; header_4_font_size=\u00bb11px\u00bb header_4_letter_spacing=\u00bb3px\u00bb header_5_font_size=\u00bb30px\u00bb max_width=\u00bb700px\u00bb header_2_font_size_tablet=\u00bb32px\u00bb header_2_font_size_phone=\u00bb24px\u00bb header_2_font_size_last_edited=\u00bbon|phone\u00bb global_module=\u00bb580&#8243; saved_tabs=\u00bball\u00bb locked=\u00bboff\u00bb global_colors_info=\u00bb{}\u00bb]<\/p>\n<h5>Actualidad <strong>Abeja Dorada<\/strong><\/h5>\n<p>Todas las novedades, eventos, noticias, ferias, informaci\u00f3n y recetas. Te acercamos al fascinante mundo de la miel y la apicultura.<\/p>\n<p>[\/et_pb_text][et_pb_cta title=\u00bbNuestros Productos\u00bb button_url=\u00bb\/#nuestras-mieles\u00bb button_text=\u00bbConocer Productos\u00bb _builder_version=\u00bb4.23.4&#8243; header_level=\u00bbh6&#8243; header_font=\u00bb|300|||||||\u00bb header_font_size=\u00bb26px\u00bb body_font=\u00bb||||||||\u00bb background_color=\u00bb#ffffff\u00bb custom_button=\u00bbon\u00bb button_text_size=\u00bb13px\u00bb button_text_color=\u00bb#ebad14&#8243; button_bg_color=\u00bbrgba(255,255,255,0)\u00bb button_border_width=\u00bb0px\u00bb button_border_radius=\u00bb0px\u00bb button_letter_spacing=\u00bb1px\u00bb button_font=\u00bb|600||on|||||\u00bb button_icon=\u00bb&#x24;||divi||400&#8243; button_on_hover=\u00bboff\u00bb text_orientation=\u00bbleft\u00bb background_layout=\u00bblight\u00bb max_width=\u00bb400px\u00bb custom_margin=\u00bb100px||0px||false|false\u00bb custom_padding=\u00bb35px|35px|35px|35px|true|true\u00bb locked=\u00bboff\u00bb global_colors_info=\u00bb{}\u00bb button_text_color__hover=\u00bb#264a48&#8243; button_text_color__hover_enabled=\u00bbon|desktop\u00bb]<\/p>\n<p>Considerados por algunos\/as, una de las mejores empresas de productos ap\u00edcolas en nuestro pa\u00eds.<\/p>\n<p>[\/et_pb_cta][et_pb_image src=\u00bbhttps:\/\/abejadorada.com\/wp-content\/uploads\/2020\/03\/I-Productores-Miel-Natural-Espa\u00f1ola-Recomendados.jpg\u00bb align_tablet=\u00bbcenter\u00bb align_phone=\u00bb\u00bb align_last_edited=\u00bbon|desktop\u00bb _builder_version=\u00bb4.23.4&#8243; border_width_all=\u00bb8px\u00bb border_color_all=\u00bb#ffffff\u00bb locked=\u00bboff\u00bb global_colors_info=\u00bb{}\u00bb show_in_lightbox__hover=\u00bboff\u00bb show_in_lightbox__hover_enabled=\u00bboff\u00bb url_new_window__hover=\u00bboff\u00bb url_new_window__hover_enabled=\u00bboff\u00bb use_background_color_gradient__hover=\u00bboff\u00bb use_background_color_gradient__hover_enabled=\u00bboff\u00bb background_color_gradient_start__hover=\u00bb#2b87da\u00bb background_color_gradient_start__hover_enabled=\u00bb#2b87da\u00bb background_color_gradient_end__hover=\u00bb#29c4a9&#8243; background_color_gradient_end__hover_enabled=\u00bb#29c4a9&#8243; background_color_gradient_type__hover=\u00bblinear\u00bb background_color_gradient_type__hover_enabled=\u00bblinear\u00bb background_color_gradient_direction__hover=\u00bb180deg\u00bb background_color_gradient_direction__hover_enabled=\u00bb180deg\u00bb background_color_gradient_direction_radial__hover=\u00bbcenter\u00bb background_color_gradient_direction_radial__hover_enabled=\u00bbcenter\u00bb background_color_gradient_start_position__hover=\u00bb0%\u00bb background_color_gradient_start_position__hover_enabled=\u00bb0%\u00bb background_color_gradient_end_position__hover=\u00bb100%\u00bb background_color_gradient_end_position__hover_enabled=\u00bb100%\u00bb background_color_gradient_overlays_image__hover=\u00bboff\u00bb background_color_gradient_overlays_image__hover_enabled=\u00bboff\u00bb parallax__hover=\u00bboff\u00bb parallax__hover_enabled=\u00bboff\u00bb parallax_method__hover=\u00bbon\u00bb parallax_method__hover_enabled=\u00bbon\u00bb background_size__hover=\u00bbcover\u00bb background_size__hover_enabled=\u00bbcover\u00bb background_position__hover=\u00bbcenter\u00bb background_position__hover_enabled=\u00bbcenter\u00bb background_repeat__hover=\u00bbno-repeat\u00bb background_repeat__hover_enabled=\u00bbno-repeat\u00bb background_blend__hover=\u00bbnormal\u00bb background_blend__hover_enabled=\u00bbnormal\u00bb allow_player_pause__hover=\u00bboff\u00bb allow_player_pause__hover_enabled=\u00bboff\u00bb background_video_pause_outside_viewport__hover=\u00bbon\u00bb background_video_pause_outside_viewport__hover_enabled=\u00bbon\u00bb use_overlay__hover=\u00bboff\u00bb use_overlay__hover_enabled=\u00bboff\u00bb show_bottom_space__hover=\u00bbon\u00bb show_bottom_space__hover_enabled=\u00bbon\u00bb align__hover=\u00bbleft\u00bb align__hover_enabled=\u00bbleft\u00bb force_fullwidth__hover=\u00bboff\u00bb force_fullwidth__hover_enabled=\u00bboff\u00bb always_center_on_mobile__hover=\u00bbon\u00bb always_center_on_mobile__hover_enabled=\u00bbon\u00bb border_radii__hover=\u00bbon||||\u00bb border_radii__hover_enabled=\u00bbon||||\u00bb box_shadow_style__hover=\u00bbnone\u00bb box_shadow_style__hover_enabled=\u00bbnone\u00bb box_shadow_color__hover=\u00bbrgba(0,0,0,0.3)\u00bb box_shadow_color__hover_enabled=\u00bbrgba(0,0,0,0.3)\u00bb max_width__hover=\u00bb100%\u00bb max_width__hover_enabled=\u00bb100%\u00bb filter_hue_rotate__hover=\u00bb0deg\u00bb filter_hue_rotate__hover_enabled=\u00bb0deg\u00bb filter_saturate__hover=\u00bb100%\u00bb filter_saturate__hover_enabled=\u00bb100%\u00bb filter_brightness__hover=\u00bb100%\u00bb filter_brightness__hover_enabled=\u00bb100%\u00bb filter_contrast__hover=\u00bb100%\u00bb filter_contrast__hover_enabled=\u00bb100%\u00bb filter_invert__hover=\u00bb0%\u00bb filter_invert__hover_enabled=\u00bb0%\u00bb filter_sepia__hover=\u00bb0%\u00bb filter_sepia__hover_enabled=\u00bb0%\u00bb filter_opacity__hover=\u00bb100%\u00bb filter_opacity__hover_enabled=\u00bb100%\u00bb filter_blur__hover=\u00bb0px\u00bb filter_blur__hover_enabled=\u00bb0px\u00bb mix_blend_mode__hover=\u00bbnormal\u00bb mix_blend_mode__hover_enabled=\u00bbnormal\u00bb animation_style__hover=\u00bbnone\u00bb animation_style__hover_enabled=\u00bbnone\u00bb animation_repeat__hover=\u00bbonce\u00bb animation_repeat__hover_enabled=\u00bbonce\u00bb animation_direction__hover=\u00bbcenter\u00bb animation_direction__hover_enabled=\u00bbcenter\u00bb animation_duration__hover=\u00bb1000ms\u00bb animation_duration__hover_enabled=\u00bb1000ms\u00bb animation_delay__hover=\u00bb0ms\u00bb animation_delay__hover_enabled=\u00bb0ms\u00bb animation_intensity_slide__hover=\u00bb50%\u00bb animation_intensity_slide__hover_enabled=\u00bb50%\u00bb animation_intensity_zoom__hover=\u00bb50%\u00bb animation_intensity_zoom__hover_enabled=\u00bb50%\u00bb animation_intensity_flip__hover=\u00bb50%\u00bb animation_intensity_flip__hover_enabled=\u00bb50%\u00bb animation_intensity_fold__hover=\u00bb50%\u00bb animation_intensity_fold__hover_enabled=\u00bb50%\u00bb animation_intensity_roll__hover=\u00bb50%\u00bb animation_intensity_roll__hover_enabled=\u00bb50%\u00bb animation_starting_opacity__hover=\u00bb0%\u00bb animation_starting_opacity__hover_enabled=\u00bb0%\u00bb animation_speed_curve__hover=\u00bbease-in-out\u00bb animation_speed_curve__hover_enabled=\u00bbease-in-out\u00bb hover_transition_duration__hover=\u00bb300ms\u00bb hover_transition_duration__hover_enabled=\u00bb300ms\u00bb hover_transition_delay__hover=\u00bb0ms\u00bb hover_transition_delay__hover_enabled=\u00bb0ms\u00bb hover_transition_speed_curve__hover=\u00bbease\u00bb hover_transition_speed_curve__hover_enabled=\u00bbease\u00bb background_color_gradient_stops__hover=\u00bb#2b87da 0%|#29c4a9 100%\u00bb][\/et_pb_image][\/et_pb_column][et_pb_column type=\u00bb1_2&#8243; _builder_version=\u00bb4.16&#8243; custom_padding=\u00bb|||\u00bb global_colors_info=\u00bb{}\u00bb custom_padding__hover=\u00bb|||\u00bb][et_pb_image src=\u00bbhttps:\/\/abejadorada.com\/wp-content\/uploads\/2020\/02\/I-Recetas-Cocinar-con-Miel.jpg\u00bb align_tablet=\u00bbcenter\u00bb align_phone=\u00bb\u00bb align_last_edited=\u00bbon|desktop\u00bb _builder_version=\u00bb4.23.4&#8243; custom_margin=\u00bb||0px\u00bb border_width_all=\u00bb8px\u00bb border_color_all=\u00bb#ffffff\u00bb locked=\u00bboff\u00bb global_colors_info=\u00bb{}\u00bb show_in_lightbox__hover=\u00bboff\u00bb show_in_lightbox__hover_enabled=\u00bboff\u00bb url_new_window__hover=\u00bboff\u00bb url_new_window__hover_enabled=\u00bboff\u00bb use_background_color_gradient__hover=\u00bboff\u00bb use_background_color_gradient__hover_enabled=\u00bboff\u00bb background_color_gradient_start__hover=\u00bb#2b87da\u00bb background_color_gradient_start__hover_enabled=\u00bb#2b87da\u00bb background_color_gradient_end__hover=\u00bb#29c4a9&#8243; background_color_gradient_end__hover_enabled=\u00bb#29c4a9&#8243; background_color_gradient_type__hover=\u00bblinear\u00bb background_color_gradient_type__hover_enabled=\u00bblinear\u00bb background_color_gradient_direction__hover=\u00bb180deg\u00bb background_color_gradient_direction__hover_enabled=\u00bb180deg\u00bb background_color_gradient_direction_radial__hover=\u00bbcenter\u00bb background_color_gradient_direction_radial__hover_enabled=\u00bbcenter\u00bb background_color_gradient_start_position__hover=\u00bb0%\u00bb background_color_gradient_start_position__hover_enabled=\u00bb0%\u00bb background_color_gradient_end_position__hover=\u00bb100%\u00bb background_color_gradient_end_position__hover_enabled=\u00bb100%\u00bb background_color_gradient_overlays_image__hover=\u00bboff\u00bb background_color_gradient_overlays_image__hover_enabled=\u00bboff\u00bb parallax__hover=\u00bboff\u00bb parallax__hover_enabled=\u00bboff\u00bb parallax_method__hover=\u00bbon\u00bb parallax_method__hover_enabled=\u00bbon\u00bb background_size__hover=\u00bbcover\u00bb background_size__hover_enabled=\u00bbcover\u00bb background_position__hover=\u00bbcenter\u00bb background_position__hover_enabled=\u00bbcenter\u00bb background_repeat__hover=\u00bbno-repeat\u00bb background_repeat__hover_enabled=\u00bbno-repeat\u00bb background_blend__hover=\u00bbnormal\u00bb background_blend__hover_enabled=\u00bbnormal\u00bb allow_player_pause__hover=\u00bboff\u00bb allow_player_pause__hover_enabled=\u00bboff\u00bb background_video_pause_outside_viewport__hover=\u00bbon\u00bb background_video_pause_outside_viewport__hover_enabled=\u00bbon\u00bb use_overlay__hover=\u00bboff\u00bb use_overlay__hover_enabled=\u00bboff\u00bb show_bottom_space__hover=\u00bbon\u00bb show_bottom_space__hover_enabled=\u00bbon\u00bb align__hover=\u00bbleft\u00bb align__hover_enabled=\u00bbleft\u00bb force_fullwidth__hover=\u00bboff\u00bb force_fullwidth__hover_enabled=\u00bboff\u00bb always_center_on_mobile__hover=\u00bbon\u00bb always_center_on_mobile__hover_enabled=\u00bbon\u00bb border_radii__hover=\u00bbon||||\u00bb border_radii__hover_enabled=\u00bbon||||\u00bb box_shadow_style__hover=\u00bbnone\u00bb box_shadow_style__hover_enabled=\u00bbnone\u00bb box_shadow_color__hover=\u00bbrgba(0,0,0,0.3)\u00bb box_shadow_color__hover_enabled=\u00bbrgba(0,0,0,0.3)\u00bb max_width__hover=\u00bb100%\u00bb max_width__hover_enabled=\u00bb100%\u00bb filter_hue_rotate__hover=\u00bb0deg\u00bb filter_hue_rotate__hover_enabled=\u00bb0deg\u00bb filter_saturate__hover=\u00bb100%\u00bb filter_saturate__hover_enabled=\u00bb100%\u00bb filter_brightness__hover=\u00bb100%\u00bb filter_brightness__hover_enabled=\u00bb100%\u00bb filter_contrast__hover=\u00bb100%\u00bb filter_contrast__hover_enabled=\u00bb100%\u00bb filter_invert__hover=\u00bb0%\u00bb filter_invert__hover_enabled=\u00bb0%\u00bb filter_sepia__hover=\u00bb0%\u00bb filter_sepia__hover_enabled=\u00bb0%\u00bb filter_opacity__hover=\u00bb100%\u00bb filter_opacity__hover_enabled=\u00bb100%\u00bb filter_blur__hover=\u00bb0px\u00bb filter_blur__hover_enabled=\u00bb0px\u00bb mix_blend_mode__hover=\u00bbnormal\u00bb mix_blend_mode__hover_enabled=\u00bbnormal\u00bb animation_style__hover=\u00bbnone\u00bb animation_style__hover_enabled=\u00bbnone\u00bb animation_repeat__hover=\u00bbonce\u00bb animation_repeat__hover_enabled=\u00bbonce\u00bb animation_direction__hover=\u00bbcenter\u00bb animation_direction__hover_enabled=\u00bbcenter\u00bb animation_duration__hover=\u00bb1000ms\u00bb animation_duration__hover_enabled=\u00bb1000ms\u00bb animation_delay__hover=\u00bb0ms\u00bb animation_delay__hover_enabled=\u00bb0ms\u00bb animation_intensity_slide__hover=\u00bb50%\u00bb animation_intensity_slide__hover_enabled=\u00bb50%\u00bb animation_intensity_zoom__hover=\u00bb50%\u00bb animation_intensity_zoom__hover_enabled=\u00bb50%\u00bb animation_intensity_flip__hover=\u00bb50%\u00bb animation_intensity_flip__hover_enabled=\u00bb50%\u00bb animation_intensity_fold__hover=\u00bb50%\u00bb animation_intensity_fold__hover_enabled=\u00bb50%\u00bb animation_intensity_roll__hover=\u00bb50%\u00bb animation_intensity_roll__hover_enabled=\u00bb50%\u00bb animation_starting_opacity__hover=\u00bb0%\u00bb animation_starting_opacity__hover_enabled=\u00bb0%\u00bb animation_speed_curve__hover=\u00bbease-in-out\u00bb animation_speed_curve__hover_enabled=\u00bbease-in-out\u00bb hover_transition_duration__hover=\u00bb300ms\u00bb hover_transition_duration__hover_enabled=\u00bb300ms\u00bb hover_transition_delay__hover=\u00bb0ms\u00bb hover_transition_delay__hover_enabled=\u00bb0ms\u00bb hover_transition_speed_curve__hover=\u00bbease\u00bb hover_transition_speed_curve__hover_enabled=\u00bbease\u00bb background_color_gradient_stops__hover=\u00bb#2b87da 0%|#29c4a9 100%\u00bb][\/et_pb_image][et_pb_cta title=\u00bbRecetas\u00bb button_url=\u00bb\/mejores-recetas-cocinar-miel\u00bb button_text=\u00bb\u00a1Descubrir mas!\u00bb _builder_version=\u00bb4.23.4&#8243; header_level=\u00bbh6&#8243; header_font=\u00bb|300|||||||\u00bb header_font_size=\u00bb26px\u00bb body_font=\u00bb||||||||\u00bb background_color=\u00bb#ffffff\u00bb custom_button=\u00bbon\u00bb button_text_size=\u00bb13px\u00bb button_text_color=\u00bb#ebad14&#8243; button_bg_color=\u00bbrgba(255,255,255,0)\u00bb button_border_width=\u00bb0px\u00bb button_border_radius=\u00bb0px\u00bb button_letter_spacing=\u00bb1px\u00bb button_font=\u00bb|600||on|||||\u00bb button_icon=\u00bb&#x24;||divi||400&#8243; button_on_hover=\u00bboff\u00bb text_orientation=\u00bbleft\u00bb background_layout=\u00bblight\u00bb max_width=\u00bb400px\u00bb module_alignment=\u00bbright\u00bb custom_margin_tablet=\u00bb\u00bb custom_margin_phone=\u00bb0px|||\u00bb custom_margin_last_edited=\u00bbon|phone\u00bb custom_padding=\u00bb35px|35px|35px|35px|true|true\u00bb global_colors_info=\u00bb{}\u00bb button_text_color__hover=\u00bb#264a48&#8243; button_text_color__hover_enabled=\u00bbon|desktop\u00bb]<\/p>\n<p>\u00bfAlguna vez has pensado en qu\u00e9 platos puedes preparar con miel? Te descubrimos recetas originales de la mano de los mejores chefs.<\/p>\n<p>[\/et_pb_cta][\/et_pb_column][\/et_pb_row][\/et_pb_section][et_pb_section fb_built=\u00bb1&#8243; custom_padding_last_edited=\u00bbon|desktop\u00bb admin_label=\u00bbFooter &#8211; SCROLL CONTACTO\u00bb module_id=\u00bbcontacto\u00bb _builder_version=\u00bb4.23.4&#8243; use_background_color_gradient=\u00bbon\u00bb background_color_gradient_stops=\u00bb#ffffff 0%|rgba(255,255,255,0) 100%\u00bb background_color_gradient_overlays_image=\u00bbon\u00bb background_color_gradient_start=\u00bb#ffffff\u00bb background_color_gradient_end=\u00bbrgba(255,255,255,0)\u00bb background_image=\u00bbhttps:\/\/abejadorada.com\/wp-content\/uploads\/2020\/01\/IFoot-Venta-Miel-Ecologica-Economica-Apicultor.jpg\u00bb background_size=\u00bbcontain\u00bb background_position=\u00bbbottom_center\u00bb custom_padding=\u00bb3%|0px|10%|0px|false|false\u00bb custom_padding_tablet=\u00bb10%||15%||false|false\u00bb custom_padding_phone=\u00bb||30%||false|false\u00bb background_color_gradient_stops_tablet=\u00bb#ffffff 0%|rgba(255,255,255,0) 100%\u00bb background_color_gradient_stops_phone=\u00bb#ffffff 0%|rgba(255,255,255,0) 100%\u00bb global_module=\u00bb486&#8243; saved_tabs=\u00bball\u00bb global_colors_info=\u00bb{}\u00bb][et_pb_row column_structure=\u00bb1_3,1_3,1_3&#8243; _builder_version=\u00bb4.16&#8243; custom_margin=\u00bb5%||20%||false|false\u00bb custom_margin_tablet=\u00bb||15%||false|false\u00bb custom_margin_phone=\u00bb||10%||false|false\u00bb custom_margin_last_edited=\u00bbon|desktop\u00bb global_colors_info=\u00bb{}\u00bb][et_pb_column type=\u00bb1_3&#8243; _builder_version=\u00bb4.16&#8243; custom_padding=\u00bb|||\u00bb global_colors_info=\u00bb{}\u00bb custom_padding__hover=\u00bb|||\u00bb][et_pb_text _builder_version=\u00bb4.23.4&#8243; text_font=\u00bb||||||||\u00bb text_font_size=\u00bb15px\u00bb text_line_height=\u00bb1.8em\u00bb header_font=\u00bb||||||||\u00bb header_2_font=\u00bb||||||||\u00bb header_3_font=\u00bb||||||||\u00bb header_3_font_size=\u00bb30px\u00bb header_3_line_height=\u00bb1.3em\u00bb text_orientation=\u00bbcenter\u00bb animation_style=\u00bbfade\u00bb global_colors_info=\u00bb{}\u00bb]<\/p>\n<h3><span style=\"color: #ebad14;\">\u25ac<\/span><\/h3>\n<h3>Instalaciones &amp; Oficinas<\/h3>\n<p>Calle del Carb\u00f3n, 4 &#8211; P.I. San Jos\u00e9 de Valderas<br \/>28918, Legan\u00e9s (Madrid)<\/p>\n<p>[\/et_pb_text][\/et_pb_column][et_pb_column type=\u00bb1_3&#8243; _builder_version=\u00bb4.16&#8243; custom_padding=\u00bb|||\u00bb global_colors_info=\u00bb{}\u00bb custom_padding__hover=\u00bb|||\u00bb][et_pb_text _builder_version=\u00bb4.23.4&#8243; text_font=\u00bb||||||||\u00bb text_font_size=\u00bb15px\u00bb text_line_height=\u00bb1.8em\u00bb header_font=\u00bb||||||||\u00bb header_2_font=\u00bb||||||||\u00bb header_3_font=\u00bb||||||||\u00bb header_3_font_size=\u00bb30px\u00bb header_3_line_height=\u00bb1.3em\u00bb text_orientation=\u00bbcenter\u00bb animation_style=\u00bbfade\u00bb global_colors_info=\u00bb{}\u00bb]<\/p>\n<h3><span style=\"color: #ebad14;\">\u25ac<\/span><\/h3>\n<h3>Tel\u00e9fonos<\/h3>\n<p>Fijo, 91 825 17 21<br \/>M\u00f3vil, 674 611 045<\/p>\n<p>[\/et_pb_text][\/et_pb_column][et_pb_column type=\u00bb1_3&#8243; _builder_version=\u00bb4.16&#8243; custom_padding=\u00bb|||\u00bb global_colors_info=\u00bb{}\u00bb custom_padding__hover=\u00bb|||\u00bb][et_pb_text _builder_version=\u00bb4.23.4&#8243; text_font=\u00bb||||||||\u00bb text_font_size=\u00bb15px\u00bb text_line_height=\u00bb1.8em\u00bb header_font=\u00bb||||||||\u00bb header_2_font=\u00bb||||||||\u00bb header_3_font=\u00bb||||||||\u00bb header_3_font_size=\u00bb30px\u00bb header_3_line_height=\u00bb1.3em\u00bb text_orientation=\u00bbcenter\u00bb animation_style=\u00bbfade\u00bb global_colors_info=\u00bb{}\u00bb]<\/p>\n<h3><span style=\"color: #ebad14;\">\u25ac<\/span><\/h3>\n<h3>E-mail &amp; Web<\/h3>\n<p>info@abejadorada.com<br \/>www.abejadorada.com<\/p>\n<p>[\/et_pb_text][\/et_pb_column][\/et_pb_row][et_pb_row _builder_version=\u00bb4.16&#8243; global_colors_info=\u00bb{}\u00bb][et_pb_column type=\u00bb4_4&#8243; _builder_version=\u00bb4.16&#8243; custom_padding=\u00bb|||\u00bb global_colors_info=\u00bb{}\u00bb custom_padding__hover=\u00bb|||\u00bb][et_pb_social_media_follow _builder_version=\u00bb4.23.4&#8243; text_orientation=\u00bbcenter\u00bb locked=\u00bboff\u00bb global_colors_info=\u00bb{}\u00bb][et_pb_social_media_follow_network social_network=\u00bbfacebook\u00bb url=\u00bbhttps:\/\/www.facebook.com\/la-abeja-dorada-apcultores-desde-1860-102538834751440&#8243; _builder_version=\u00bb4.16&#8243; background_color=\u00bbrgba(0,0,0,0.26)\u00bb custom_margin=\u00bb8px|8px|8px|8px\u00bb custom_padding=\u00bb6px|6px|6px|6px\u00bb border_radii=\u00bbon||||\u00bb global_colors_info=\u00bb{}\u00bb follow_button=\u00bboff\u00bb url_new_window=\u00bbon\u00bb]facebook[\/et_pb_social_media_follow_network][et_pb_social_media_follow_network social_network=\u00bbinstagram\u00bb url=\u00bbhttps:\/\/www.instagram.com\/madridmiel\u00bb _builder_version=\u00bb4.16&#8243; background_color=\u00bbrgba(0,0,0,0.26)\u00bb background_enable_color=\u00bbon\u00bb custom_margin=\u00bb8px|8px|8px|8px\u00bb custom_padding=\u00bb6px|6px|6px|6px\u00bb border_radii=\u00bbon||||\u00bb global_colors_info=\u00bb{}\u00bb follow_button=\u00bboff\u00bb url_new_window=\u00bbon\u00bb]instagram[\/et_pb_social_media_follow_network][et_pb_social_media_follow_network social_network=\u00bbtwitter\u00bb url=\u00bbhttps:\/\/twitter.com\/madrid_miel\u00bb _builder_version=\u00bb4.16&#8243; background_color=\u00bbrgba(0,0,0,0.26)\u00bb background_enable_color=\u00bbon\u00bb custom_margin=\u00bb8px|8px|8px|8px\u00bb custom_padding=\u00bb6px|6px|6px|6px\u00bb border_radii=\u00bbon||||\u00bb global_colors_info=\u00bb{}\u00bb follow_button=\u00bboff\u00bb url_new_window=\u00bbon\u00bb]twitter[\/et_pb_social_media_follow_network][et_pb_social_media_follow_network social_network=\u00bbyoutube\u00bb url=\u00bbhttps:\/\/www.youtube.com\/channel\/UCiRitI0yQkfrB6LHf3k_rwA\u00bb _builder_version=\u00bb4.16&#8243; background_color=\u00bbrgba(0,0,0,0.26)\u00bb background_enable_color=\u00bbon\u00bb custom_margin=\u00bb8px|8px|8px|8px\u00bb custom_padding=\u00bb6px|6px|6px|6px\u00bb border_radii=\u00bbon||||\u00bb global_colors_info=\u00bb{}\u00bb follow_button=\u00bboff\u00bb url_new_window=\u00bbon\u00bb]youtube[\/et_pb_social_media_follow_network][\/et_pb_social_media_follow][\/et_pb_column][\/et_pb_row][\/et_pb_section]<\/p>\n","protected":false},"excerpt":{"rendered":"<p>Actualidad &amp; Prensa LA ABEJA DORADALa Abeja Dorada\u00a0Al D\u00eda No te pierdas ni un evento o feria a la que asistimos.La Miel de Monta\u00f1a Ecol\u00f3gica de La Abeja Dorada, Galardonada como una de las Mejores del Mundo en los Great Taste 2023 \u25ac Agosto 2023 Un a\u00f1o m\u00e1s, los afamados premios GREAT TASTE 2023 -conocidos [&hellip;]<\/p>\n","protected":false},"author":1,"featured_media":0,"parent":0,"menu_order":0,"comment_status":"closed","ping_status":"closed","template":"","meta":{"_et_pb_use_builder":"on","_et_pb_old_content":"","_et_gb_content_width":"","footnotes":""},"yoast_head":"<!-- This site is optimized with the Yoast SEO plugin v21.9 - https:\/\/yoast.com\/wordpress\/plugins\/seo\/ -->\n<title>Actualidad - La Abeja Dorada<\/title>\n<meta name=\"robots\" content=\"noindex, follow\" \/>\n<meta property=\"og:locale\" content=\"es_ES\" \/>\n<meta property=\"og:type\" content=\"article\" \/>\n<meta property=\"og:title\" content=\"Actualidad - La Abeja Dorada\" \/>\n<meta property=\"og:description\" content=\"Actualidad &amp; Prensa LA ABEJA DORADALa Abeja Dorada\u00a0Al D\u00eda No te pierdas ni un evento o feria a la que asistimos.La Miel de Monta\u00f1a Ecol\u00f3gica de La Abeja Dorada, Galardonada como una de las Mejores del Mundo en los Great Taste 2023 \u25ac Agosto 2023 Un a\u00f1o m\u00e1s, los afamados premios GREAT TASTE 2023 -conocidos [&hellip;]\" \/>\n<meta property=\"og:url\" content=\"https:\/\/abejadorada.com\/?page_id=490\" \/>\n<meta property=\"og:site_name\" content=\"La Abeja Dorada\" \/>\n<meta property=\"article:modified_time\" content=\"2024-01-18T12:33:32+00:00\" \/>\n<meta name=\"twitter:card\" content=\"summary_large_image\" \/>\n<meta name=\"twitter:label1\" content=\"Tiempo de lectura\" \/>\n\t<meta name=\"twitter:data1\" content=\"14 minutos\" \/>\n<script type=\"application\/ld+json\" class=\"yoast-schema-graph\">{\"@context\":\"https:\/\/schema.org\",\"@graph\":[{\"@type\":\"WebPage\",\"@id\":\"https:\/\/abejadorada.com\/?page_id=490\",\"url\":\"https:\/\/abejadorada.com\/?page_id=490\",\"name\":\"Actualidad - La Abeja Dorada\",\"isPartOf\":{\"@id\":\"https:\/\/abejadorada.com\/#website\"},\"datePublished\":\"2020-03-12T11:36:55+00:00\",\"dateModified\":\"2024-01-18T12:33:32+00:00\",\"breadcrumb\":{\"@id\":\"https:\/\/abejadorada.com\/?page_id=490#breadcrumb\"},\"inLanguage\":\"es\",\"potentialAction\":[{\"@type\":\"ReadAction\",\"target\":[\"https:\/\/abejadorada.com\/?page_id=490\"]}]},{\"@type\":\"BreadcrumbList\",\"@id\":\"https:\/\/abejadorada.com\/?page_id=490#breadcrumb\",\"itemListElement\":[{\"@type\":\"ListItem\",\"position\":1,\"name\":\"Portada\",\"item\":\"https:\/\/abejadorada.com\/\"},{\"@type\":\"ListItem\",\"position\":2,\"name\":\"Actualidad\"}]},{\"@type\":\"WebSite\",\"@id\":\"https:\/\/abejadorada.com\/#website\",\"url\":\"https:\/\/abejadorada.com\/\",\"name\":\"La Abeja Dorada\",\"description\":\"Apicultores Productores Miel Ecol\u00f3gica Certificada en Espa\u00f1a\",\"potentialAction\":[{\"@type\":\"SearchAction\",\"target\":{\"@type\":\"EntryPoint\",\"urlTemplate\":\"https:\/\/abejadorada.com\/?s={search_term_string}\"},\"query-input\":\"required name=search_term_string\"}],\"inLanguage\":\"es\"}]}<\/script>\n<!-- \/ Yoast SEO plugin. -->","yoast_head_json":{"title":"Actualidad - La Abeja Dorada","robots":{"index":"noindex","follow":"follow"},"og_locale":"es_ES","og_type":"article","og_title":"Actualidad - La Abeja Dorada","og_description":"Actualidad &amp; Prensa LA ABEJA DORADALa Abeja Dorada\u00a0Al D\u00eda No te pierdas ni un evento o feria a la que asistimos.La Miel de Monta\u00f1a Ecol\u00f3gica de La Abeja Dorada, Galardonada como una de las Mejores del Mundo en los Great Taste 2023 \u25ac Agosto 2023 Un a\u00f1o m\u00e1s, los afamados premios GREAT TASTE 2023 -conocidos [&hellip;]","og_url":"https:\/\/abejadorada.com\/?page_id=490","og_site_name":"La Abeja Dorada","article_modified_time":"2024-01-18T12:33:32+00:00","twitter_card":"summary_large_image","twitter_misc":{"Tiempo de lectura":"14 minutos"},"schema":{"@context":"https:\/\/schema.org","@graph":[{"@type":"WebPage","@id":"https:\/\/abejadorada.com\/?page_id=490","url":"https:\/\/abejadorada.com\/?page_id=490","name":"Actualidad - La Abeja Dorada","isPartOf":{"@id":"https:\/\/abejadorada.com\/#website"},"datePublished":"2020-03-12T11:36:55+00:00","dateModified":"2024-01-18T12:33:32+00:00","breadcrumb":{"@id":"https:\/\/abejadorada.com\/?page_id=490#breadcrumb"},"inLanguage":"es","potentialAction":[{"@type":"ReadAction","target":["https:\/\/abejadorada.com\/?page_id=490"]}]},{"@type":"BreadcrumbList","@id":"https:\/\/abejadorada.com\/?page_id=490#breadcrumb","itemListElement":[{"@type":"ListItem","position":1,"name":"Portada","item":"https:\/\/abejadorada.com\/"},{"@type":"ListItem","position":2,"name":"Actualidad"}]},{"@type":"WebSite","@id":"https:\/\/abejadorada.com\/#website","url":"https:\/\/abejadorada.com\/","name":"La Abeja Dorada","description":"Apicultores Productores Miel Ecol\u00f3gica Certificada en Espa\u00f1a","potentialAction":[{"@type":"SearchAction","target":{"@type":"EntryPoint","urlTemplate":"https:\/\/abejadorada.com\/?s={search_term_string}"},"query-input":"required name=search_term_string"}],"inLanguage":"es"}]}},"_links":{"self":[{"href":"https:\/\/abejadorada.com\/index.php?rest_route=\/wp\/v2\/pages\/490"}],"collection":[{"href":"https:\/\/abejadorada.com\/index.php?rest_route=\/wp\/v2\/pages"}],"about":[{"href":"https:\/\/abejadorada.com\/index.php?rest_route=\/wp\/v2\/types\/page"}],"author":[{"embeddable":true,"href":"https:\/\/abejadorada.com\/index.php?rest_route=\/wp\/v2\/users\/1"}],"replies":[{"embeddable":true,"href":"https:\/\/abejadorada.com\/index.php?rest_route=%2Fwp%2Fv2%2Fcomments&post=490"}],"version-history":[{"count":0,"href":"https:\/\/abejadorada.com\/index.php?rest_route=\/wp\/v2\/pages\/490\/revisions"}],"wp:attachment":[{"href":"https:\/\/abejadorada.com\/index.php?rest_route=%2Fwp%2Fv2%2Fmedia&parent=490"}],"curies":[{"name":"wp","href":"https:\/\/api.w.org\/{rel}","templated":true}]}}